{"id":2,"date":"2019-04-10T13:00:34","date_gmt":"2019-04-10T13:00:34","guid":{"rendered":"https:\/\/the-travel-bunny-com.lyricalstaging.com\/ro\/?page_id=2"},"modified":"2022-08-08T11:16:13","modified_gmt":"2022-08-08T11:16:13","slug":"calatorii","status":"publish","type":"page","link":"https:\/\/www.the-travel-bunny.com\/ro\/","title":{"rendered":"Bine ai venit pe The Travel Bunny!"},"content":{"rendered":"\n<p>Eu sunt&nbsp;<strong>Mirela Letailleur<\/strong>&nbsp;(sau Mirela Iepurela \/ The Travel Bunny) \u0219i m\u0103 bucur s\u0103 te cunosc \u0219i s\u0103 \u00ee\u021bi \u00eemp\u0103rt\u0103\u0219esc pove\u0219tile mele din c\u0103l\u0103torii.<\/p>\n\n\n\n<p>Acum ceva timp, am fost coordonator la British Council din Rom\u00e2nia, unde am administrat cursurile pentru adul\u021bi, am organizat evenimente pentru copii \u0219i m-am ocupat de partea digital\u0103 a Centrului de Limba Englez\u0103.&nbsp;Ast\u0103zi sunt&nbsp;<strong>blogger de c\u0103l\u0103torii cu norm\u0103 \u00eentreag\u0103 care \u00ee\u0219i dore\u0219te s\u0103 devin\u0103 nomad digital<\/strong>. \u00cempreun\u0103 cu Mathieu, so\u021bul meu, desigur!<\/p>\n\n\n\n<p>\u00cen februarie 2020, am cump\u0103rat o barc\u0103 \u00een Fran\u021ba, cu visul de a naviga \u00een Marea Mediteran\u0103.&nbsp;Dup\u0103 lockdown,&nbsp;<strong>am plecat din sudul Fran\u021bei de-a lungul coastei Italiei p\u00e2n\u0103 la <a href=\"https:\/\/www.the-travel-bunny.com\/ro\/eticheta\/marea-egee\/\">Marea Egee<\/a>, \u00een Grecia<\/strong>.&nbsp;\u00cenainte ca toate aceste pove\u0219ti uimitoare s\u0103 ajung\u0103 pe blog, descoper\u0103 celelalte articole pe care le-am scris pentru a te inspira!<\/p>\n\n\n\n<p class=\"has-text-align-right\"><a href=\"https:\/\/www.the-travel-bunny.com\/ro\/despre-travel-bunny\/mirela-letailleur\/\" class=\"rank-math-link\">Mai multe despre Mirela<\/a>&nbsp;\/&nbsp;<a href=\"https:\/\/www.the-travel-bunny.com\/ro\/despre-travel-bunny\/\" class=\"rank-math-link\">Mai multe despre The Travel Bunny<\/a><\/p>\n\n\n\n<hr class=\"wp-block-separator has-css-opacity is-style-wide\"\/>\n\n\n\n<h2 class=\"wp-block-heading\">Blogul de c\u0103l\u0103torii The Travel Bunny<\/h2>\n\n\n\n<p><strong>Articole recente pe blogul de c\u0103l\u0103torii The Travel Bunny<\/strong><\/p>\n\n\n<ul class=\"wp-block-latest-posts__list is-grid columns-4 has-dates aligncenter wp-block-latest-posts\"><li><div class=\"wp-block-latest-posts__featured-image aligncenter\"><a href=\"https:\/\/www.the-travel-bunny.com\/ro\/ghid-coasta-de-est-reunion-cascade\/\" aria-label=\"Ghid coasta de est a insulei Reunion. Cascade, vanilie \u0219i peisaje s\u0103lbatice\"><img loading=\"lazy\" decoding=\"async\" width=\"300\" height=\"111\" src=\"https:\/\/www.the-travel-bunny.com\/ro\/wp-content\/uploads\/sites\/2\/2026\/02\/ghid-coasta-de-est-reunion-cascade-Niagara-300x111.jpg\" class=\"attachment-medium size-medium wp-post-image\" alt=\"ghid coasta de est reunion. Cascade Niagara din Sainte-Suzanne, pe coasta de est a insulei Reunion, cu ap\u0103 albastr\u0103 c\u0103z\u00e2nd pe pere\u021bi de bazalt \u0219i bazin natural cu pietre vizibile sub ap\u0103 limpede.\" style=\"\" srcset=\"https:\/\/www.the-travel-bunny.com\/ro\/wp-content\/uploads\/sites\/2\/2026\/02\/ghid-coasta-de-est-reunion-cascade-Niagara-300x111.jpg 300w, https:\/\/www.the-travel-bunny.com\/ro\/wp-content\/uploads\/sites\/2\/2026\/02\/ghid-coasta-de-est-reunion-cascade-Niagara-768x285.jpg 768w, https:\/\/www.the-travel-bunny.com\/ro\/wp-content\/uploads\/sites\/2\/2026\/02\/ghid-coasta-de-est-reunion-cascade-Niagara.jpg 792w\" sizes=\"auto, (max-width: 300px) 100vw, 300px\" title=\"\"><\/a><\/div><a class=\"wp-block-latest-posts__post-title\" href=\"https:\/\/www.the-travel-bunny.com\/ro\/ghid-coasta-de-est-reunion-cascade\/\">Ghid coasta de est a insulei Reunion. Cascade, vanilie \u0219i peisaje s\u0103lbatice<\/a><time datetime=\"2026-02-26T06:19:00+00:00\" class=\"wp-block-latest-posts__post-date\">26\/02\/2026<\/time><div class=\"wp-block-latest-posts__post-excerpt\">Coasta de est a insulei Reunion \u00ee\u021bi arat\u0103 partea mai s\u0103lbatic\u0103 a insulei, unde cascade pe coasta de est Reunion, falezele de lav\u0103 \u0219i planta\u021biile de vanilie \u00eenlocuiesc plajele cu lagun\u0103. Acest ghid coasta de est Reunion detaliat acoper\u0103 Route des Laves Reunion, Cascade Niagara Reunion, drume\u021biile prin p\u0103durea tropical\u0103 la Grand Etang Reunion, Cascade de Bras d\u2019Anette \u0219i litoralul dramatic dintre Sainte Suzanne Reunion \u0219i Saint Philippe Reunion. Vei g\u0103si timpi reali de condus, recomand\u0103ri clare pentru siguranta la cascade dupa ploaie Reunion, cele mai bune puncte de belvedere pentru lav\u0103 \u0219i sfaturi practice pentru vizitarea cooperativa Pro Vanille Bras Panon. Indiferent dac\u0103 planifici un itinerar coasta de est Reunion de o zi sau un road trip de dou\u0103 zile, ghidul The Travel Bunny te ajut\u0103 s\u0103 explorezi coasta expus\u0103 alizeelor organizat, \u00een siguran\u021b\u0103 \u0219i f\u0103r\u0103 timp pierdut.<\/div><\/li>\n<li><div class=\"wp-block-latest-posts__featured-image aligncenter\"><a href=\"https:\/\/www.the-travel-bunny.com\/ro\/itinerar-coasta-de-vest-insula-reunion\/\" aria-label=\"De pe coasta de vest pe coasta de sud \u00een La R\u00e9union, un traseu local lent. Ghid plaje coasta de vest Insula R\u00e9union\"><img loading=\"lazy\" decoding=\"async\" width=\"300\" height=\"111\" src=\"https:\/\/www.the-travel-bunny.com\/ro\/wp-content\/uploads\/sites\/2\/2026\/02\/Coasta-de-Vest-Insula-Reunion-ruta-lenta-lagune-plaje-si-drum-scenic-300x111.jpg\" class=\"attachment-medium size-medium wp-post-image\" alt=\"Coasta de Vest Insula Reunion. Lagunele \u0219i plajele de pe coasta de vest a insulei Reunion v\u0103zute de sus cu recif, sate de coast\u0103 \u0219i drum scenic\" style=\"\" srcset=\"https:\/\/www.the-travel-bunny.com\/ro\/wp-content\/uploads\/sites\/2\/2026\/02\/Coasta-de-Vest-Insula-Reunion-ruta-lenta-lagune-plaje-si-drum-scenic-300x111.jpg 300w, https:\/\/www.the-travel-bunny.com\/ro\/wp-content\/uploads\/sites\/2\/2026\/02\/Coasta-de-Vest-Insula-Reunion-ruta-lenta-lagune-plaje-si-drum-scenic-768x285.jpg 768w, https:\/\/www.the-travel-bunny.com\/ro\/wp-content\/uploads\/sites\/2\/2026\/02\/Coasta-de-Vest-Insula-Reunion-ruta-lenta-lagune-plaje-si-drum-scenic.jpg 792w\" sizes=\"auto, (max-width: 300px) 100vw, 300px\" title=\"\"><\/a><\/div><a class=\"wp-block-latest-posts__post-title\" href=\"https:\/\/www.the-travel-bunny.com\/ro\/itinerar-coasta-de-vest-insula-reunion\/\">De pe coasta de vest pe coasta de sud \u00een La R\u00e9union, un traseu local lent. Ghid plaje coasta de vest Insula R\u00e9union<\/a><time datetime=\"2026-02-10T13:48:00+00:00\" class=\"wp-block-latest-posts__post-date\">10\/02\/2026<\/time><div class=\"wp-block-latest-posts__post-excerpt\">Acest road trip lent de pe coasta de vest a insulei La R\u00e9union c\u0103tre Sudul S\u0103lbatic arat\u0103 insula a\u0219a cum este tr\u0103it\u0103 de localnici. Dimine\u021bi \u00een lagun\u0103 l\u00e2ng\u0103 Saint-Gilles, pie\u021be pline de mirodenii \u00een Saint-Paul, plaje cu nisip negru la \u00c9tang-Sal\u00e9 \u0219i coaste vulcanice dincolo de Saint-Pierre se leag\u0103 \u00eentr-un traseu relaxat, cu plaja pe primul loc. Am c\u0103l\u0103torit al\u0103turi de prieteni locali, am dormit \u00een cort l\u00e2ng\u0103 mare, am m\u00e2ncat m\u00e2ncare creol\u0103 f\u0103r\u0103 grab\u0103 \u0219i m-am oprit ori de c\u00e2te ori lumina a p\u0103rut potrivit\u0103. Ghidul The Travel Bunny pentru coasta de vest a insulei La R\u00e9union acoper\u0103 plaje, m\u00e2ncare, condus, siguran\u021b\u0103 \u0219i ritm, ca s\u0103 po\u021bi tr\u0103i experien\u021ba R\u00e9union f\u0103r\u0103 supra-planificare \u0219i f\u0103r\u0103 epuizare.<\/div><\/li>\n<li><div class=\"wp-block-latest-posts__featured-image aligncenter\"><a href=\"https:\/\/www.the-travel-bunny.com\/ro\/vizita-romans-sur-isere-ghid-turistic\/\" aria-label=\"Vizit\u0103 Romans-sur-Is\u00e8re Ghid de c\u0103l\u0103torie &amp; poveste. Cultur\u0103, whisky &amp; ravioles \u00een capitala pantofilor din Fran\u021ba\"><img loading=\"lazy\" decoding=\"async\" width=\"300\" height=\"111\" src=\"https:\/\/www.the-travel-bunny.com\/ro\/wp-content\/uploads\/sites\/2\/2025\/11\/vizita-Romans-sur-Isere-ghid-turistic-Collegiale-Saint-Barnard-Romans-sur-Isere-pod-rau-Isere-300x111.jpg\" class=\"attachment-medium size-medium wp-post-image\" alt=\"vizit\u0103 Romans-sur-Is\u00e8re ghid turistic. Collegiale Saint Barnard vazuta de pe podul peste raul Isere in centrul orasului Romans sur Isere cu case istorice aliniate pe mal\" style=\"\" srcset=\"https:\/\/www.the-travel-bunny.com\/ro\/wp-content\/uploads\/sites\/2\/2025\/11\/vizita-Romans-sur-Isere-ghid-turistic-Collegiale-Saint-Barnard-Romans-sur-Isere-pod-rau-Isere-300x111.jpg 300w, https:\/\/www.the-travel-bunny.com\/ro\/wp-content\/uploads\/sites\/2\/2025\/11\/vizita-Romans-sur-Isere-ghid-turistic-Collegiale-Saint-Barnard-Romans-sur-Isere-pod-rau-Isere-768x285.jpg 768w, https:\/\/www.the-travel-bunny.com\/ro\/wp-content\/uploads\/sites\/2\/2025\/11\/vizita-Romans-sur-Isere-ghid-turistic-Collegiale-Saint-Barnard-Romans-sur-Isere-pod-rau-Isere.jpg 792w\" sizes=\"auto, (max-width: 300px) 100vw, 300px\" title=\"\"><\/a><\/div><a class=\"wp-block-latest-posts__post-title\" href=\"https:\/\/www.the-travel-bunny.com\/ro\/vizita-romans-sur-isere-ghid-turistic\/\">Vizit\u0103 Romans-sur-Is\u00e8re Ghid de c\u0103l\u0103torie &amp; poveste. Cultur\u0103, whisky &amp; ravioles \u00een capitala pantofilor din Fran\u021ba<\/a><time datetime=\"2025-11-07T08:17:00+00:00\" class=\"wp-block-latest-posts__post-date\">07\/11\/2025<\/time><div class=\"wp-block-latest-posts__post-excerpt\">Viziteaz\u0103 Romans-sur-Is\u00e8re cu acest ghid complet care \u00ee\u021bi arat\u0103 ce s\u0103 faci \u00een Romans-sur-Is\u00e8re, unde s\u0103 stai \u00een Romans-sur-Is\u00e8re \u0219i ce s\u0103 m\u0103n\u00e2nci \u00eentr-un ora\u0219 cunoscut pentru patrimoniul s\u0103u legat de pantofi. Descoper\u0103 caz\u0103ri inedite Romans-sur-Is\u00e8re prin apartamentele creative BedinShop, gust\u0103 premiatul whisky Sequoia produs la Distileria din Vercors \u0219i afl\u0103 povestea ravioles din Dauphin\u00e9. De la str\u0103zi istorice \u0219i plimb\u0103ri pe malul apei p\u00e2n\u0103 la pia\u021ba din Romans \u0219i trasee panoramice prin Dr\u00f4me, acest ghid Romans-sur-Is\u00e8re combin\u0103 experien\u021b\u0103 direct\u0103 \u0219i sfaturi practice. Ideal pentru c\u0103l\u0103tori \u0219i expa\u021bi interesa\u021bi de cultur\u0103 autentic\u0103, slow travel Fran\u021ba \u0219i escapade accesibile pentru un weekend \u00een sud-estul \u021b\u0103rii.<\/div><\/li>\n<li><div class=\"wp-block-latest-posts__featured-image aligncenter\"><a href=\"https:\/\/www.the-travel-bunny.com\/ro\/vizita-cotignac-ghid-turistic-provence\/\" aria-label=\"Ghid complet Cotignac. Satul din Provence construit \u00een st\u00e2nc\u0103, cu t\u00e2rguri de gutui, miracole regale \u0219i pe\u0219teri trogloditice\"><img loading=\"lazy\" decoding=\"async\" width=\"300\" height=\"111\" src=\"https:\/\/www.the-travel-bunny.com\/ro\/wp-content\/uploads\/sites\/2\/2025\/11\/Vizita-Cotignac-France-ghid-turistic-sat-trogloditic-Provence-Verte-300x111.jpg\" class=\"attachment-medium size-medium wp-post-image\" alt=\"Vizita Cotignac France ghid calatorie. Vedere panoramic\u0103 asupra satului Cotignac Var, cu Rocher de Cotignac, turnurile sarazine \u0219i casele provensale \u00eenconjurate de verdea\u021b\u0103 \u00een inima regiunii Provence Verte\" style=\"\" srcset=\"https:\/\/www.the-travel-bunny.com\/ro\/wp-content\/uploads\/sites\/2\/2025\/11\/Vizita-Cotignac-France-ghid-turistic-sat-trogloditic-Provence-Verte-300x111.jpg 300w, https:\/\/www.the-travel-bunny.com\/ro\/wp-content\/uploads\/sites\/2\/2025\/11\/Vizita-Cotignac-France-ghid-turistic-sat-trogloditic-Provence-Verte-768x285.jpg 768w, https:\/\/www.the-travel-bunny.com\/ro\/wp-content\/uploads\/sites\/2\/2025\/11\/Vizita-Cotignac-France-ghid-turistic-sat-trogloditic-Provence-Verte.jpg 792w\" sizes=\"auto, (max-width: 300px) 100vw, 300px\" title=\"\"><\/a><\/div><a class=\"wp-block-latest-posts__post-title\" href=\"https:\/\/www.the-travel-bunny.com\/ro\/vizita-cotignac-ghid-turistic-provence\/\">Ghid complet Cotignac. Satul din Provence construit \u00een st\u00e2nc\u0103, cu t\u00e2rguri de gutui, miracole regale \u0219i pe\u0219teri trogloditice<\/a><time datetime=\"2025-10-30T11:25:00+00:00\" class=\"wp-block-latest-posts__post-date\">30\/10\/2025<\/time><div class=\"wp-block-latest-posts__post-excerpt\">Cotignac Fran\u021ba este un sat coco\u021bat pe st\u00e2nc\u0103, aflat \u00een inima regiunii Provence Verte, cunoscut pentru pe\u0219terile trogloditice Cotignac, pie\u021bele pline de via\u021b\u0103 \u0219i cele dou\u0103 sanctuare de pelerinaj. Acest ghid complet Cotignac \u00ee\u021bi ofer\u0103 sfaturi autentice dintr-un weekend real petrecut \u00een zon\u0103, de la parcarea pentru autorulote \u00een Cotignac \u0219i plimb\u0103rile u\u0219oare potrivite pentru copii mici, p\u00e2n\u0103 la festivalul gutuilor Cotignac \u2013 F\u00eate du Coing, drume\u021biile panoramice \u0219i degust\u0103rile de vin Cotignac.\n\nIndiferent dac\u0103 pl\u0103nuie\u0219ti un road trip prin Provence sau cau\u021bi o experien\u021b\u0103 autentic\u0103 de slow travel \u00een Provence, acest ghid Cotignac Var \u00ee\u021bi arat\u0103 unde s\u0103 m\u0103n\u00e2nci, unde s\u0103 te cazezi \u0219i ce s\u0103 explorezi \u00een jurul satului. Este resursa perfect\u0103 pentru c\u0103l\u0103tori \u0219i expa\u021bi care vor s\u0103 descopere unul dintre cele mai frumoase sate din Fran\u021ba.<\/div><\/li>\n<\/ul>\n\n\n<p class=\"has-text-align-center\"><strong>Prime\u0219te ghiduri de c\u0103l\u0103torii gratuite, cele mai bune sfaturi de vacan\u021b\u0103 \u0219i inspira\u021bie de voiaj via e-mail.<\/strong><br><strong>Aboneaz\u0103-te pentru a c\u0103l\u0103tori mai bine!<\/strong><\/p>\n\n\n\n<hr class=\"wp-block-separator has-css-opacity is-style-wide\"\/>\n\n\n\n<h2 class=\"wp-block-heading\">Exploreaz\u0103 lumea cu The Travel Bunny<\/h2>\n\n\n\n<p><strong>Idei \u00een vacan\u021b\u0103<\/strong><\/p>\n\n\n\n<div class=\"wp-block-media-text alignwide is-stacked-on-mobile\" style=\"grid-template-columns:49% auto\"><figure class=\"wp-block-media-text__media\"><a href=\"https:\/\/www.the-travel-bunny.com\/ro\/citate-despre-calatorie\/\"><img loading=\"lazy\" decoding=\"async\" width=\"469\" height=\"174\" src=\"https:\/\/www.the-travel-bunny.com\/ro\/wp-content\/uploads\/sites\/2\/2021\/06\/Citate-despre-calatorie.jpg\" alt=\"Citate despre c\u0103l\u0103torie\" class=\"wp-image-3200 size-full\" title=\"\" srcset=\"https:\/\/www.the-travel-bunny.com\/ro\/wp-content\/uploads\/sites\/2\/2021\/06\/Citate-despre-calatorie.jpg 469w, https:\/\/www.the-travel-bunny.com\/ro\/wp-content\/uploads\/sites\/2\/2021\/06\/Citate-despre-calatorie-300x111.jpg 300w\" sizes=\"auto, (max-width: 469px) 100vw, 469px\" \/><\/a><\/figure><div class=\"wp-block-media-text__content\">\n<p><strong>Citate celebre<\/strong><\/p>\n\n\n\n<h3 class=\"wp-block-heading\"><a href=\"https:\/\/www.the-travel-bunny.com\/ro\/citate-despre-calatorie\/\">Citate despre c\u0103l\u0103torie<\/a><\/h3>\n\n\n\n<p>R\u0103sfoie\u0219te o colec\u021bie de 30 de citate inspira\u021bionale despre c\u0103l\u0103tori \u0219i c\u0103l\u0103torii. Cele mai multe dintre ele sunt de la romancieri celebri sau de la scriitori de c\u0103l\u0103torie, care subliniaz\u0103 unele aspecte la care trebuie s\u0103 fim aten\u021bi \u00een excursii noastre, pentru a ne bucura c\u00e2t mai mult de experien\u021bele noi.<\/p>\n<\/div><\/div>\n\n\n\n<div class=\"wp-block-columns is-layout-flex wp-container-core-columns-is-layout-9d6595d7 wp-block-columns-is-layout-flex\">\n<div class=\"wp-block-column is-layout-flow wp-block-column-is-layout-flow\">\n<figure class=\"wp-block-image size-large\"><a href=\"https:\/\/www.the-travel-bunny.com\/ro\/mancare-greceasca-traditionala\/\"><img loading=\"lazy\" decoding=\"async\" width=\"261\" height=\"174\" src=\"https:\/\/www.the-travel-bunny.com\/ro\/wp-content\/uploads\/sites\/2\/2021\/06\/Mancare-greceasca-traditionala.jpg\" alt=\"M\u00e2ncare greceasc\u0103 tradi\u021bional\u0103\" class=\"wp-image-3191\" title=\"\"><\/a><\/figure>\n\n\n\n<p><strong>Exploreaz\u0103 Grecia<\/strong><\/p>\n\n\n\n<h3 class=\"wp-block-heading\"><a href=\"https:\/\/www.the-travel-bunny.com\/ro\/mancare-greceasca-traditionala\/\">M\u00e2ncare greceasc\u0103 tradi\u021bional\u0103<\/a><\/h3>\n\n\n\n<p>Bine ai venit la&nbsp;taverna&nbsp;greceasc\u0103, unde vei gusta&nbsp;m\u00e2ncare greceasc\u0103 tradi\u021bional\u0103 delicioas\u0103 \u0219i b\u0103uturi grece\u0219ti savuroase!&nbsp;Dar te rog, ia loc la masa umbrit\u0103 de acolo, are cea mai frumoas\u0103 priveli\u0219te a m\u0103rii din aceast\u0103 zon\u0103! Numele meu este Mirela \u0219i azi voi fi &#8230;<\/p>\n<\/div>\n\n\n\n<div class=\"wp-block-column is-layout-flow wp-block-column-is-layout-flow\">\n<figure class=\"wp-block-image size-large\"><a href=\"https:\/\/www.the-travel-bunny.com\/ro\/obiective-turistice-din-balcic\/\"><img loading=\"lazy\" decoding=\"async\" width=\"261\" height=\"174\" src=\"https:\/\/www.the-travel-bunny.com\/ro\/wp-content\/uploads\/sites\/2\/2021\/06\/Obiective-turistice-din-Balcic.jpg\" alt=\"Obiective turistice din Balcic\" class=\"wp-image-3193\" title=\"\"><\/a><\/figure>\n\n\n\n<p><strong>Viziteaz\u0103 Bulgaria<\/strong><\/p>\n\n\n\n<h3 class=\"wp-block-heading\"><a href=\"https:\/\/www.the-travel-bunny.com\/ro\/obiective-turistice-din-balcic\/\">Obiective turistice din Balcic<\/a><\/h3>\n\n\n\n<p>Balcic este una dintre <a href=\"https:\/\/www.the-travel-bunny.com\/ro\/cele-mai-frumoase-orase-din-olanda\/\" data-type=\"post\" data-id=\"1012\">cele mai frumoase<\/a> <a href=\"https:\/\/www.the-travel-bunny.com\/ro\/statiuni-de-schi-din-lake-tahoe\/\" data-type=\"post\" data-id=\"4914\">sta\u021biuni<\/a> de pe coasta M\u0103rii Negre,&nbsp;a\u0219adar trebuie s\u0103 vizitezi Balcic dac\u0103 te afli pe <a href=\"https:\/\/www.the-travel-bunny.com\/ro\/orase-de-pe-litoralul-bulgariei\/\">litoralul Bulgariei<\/a>.&nbsp;Indiferent dac\u0103 petreci o vacan\u021b\u0103 \u00eentr-unul dintre hotelurile all inclusive de pe litoralul bulgar sau dac\u0103 vii special din Rom\u00e2nia, nu trebuie s\u0103 ratezi \u2026<\/p>\n<\/div>\n\n\n\n<div class=\"wp-block-column is-layout-flow wp-block-column-is-layout-flow\">\n<figure class=\"wp-block-image size-large\"><a href=\"https:\/\/www.the-travel-bunny.com\/ro\/cum-sa-tii-un-jurnal-de-calatorie\/\"><img loading=\"lazy\" decoding=\"async\" width=\"261\" height=\"174\" src=\"https:\/\/www.the-travel-bunny.com\/ro\/wp-content\/uploads\/sites\/2\/2021\/06\/jurnal-de-calatorie.jpg\" alt=\"jurnal de c\u0103l\u0103torie\" class=\"wp-image-3194\" title=\"\"><\/a><\/figure>\n\n\n\n<p><strong>Amintiri din vacan\u021b\u0103<\/strong><\/p>\n\n\n\n<h3 class=\"wp-block-heading\"><a href=\"https:\/\/www.the-travel-bunny.com\/ro\/cum-sa-tii-un-jurnal-de-calatorie\/\">Cum \u021bii un jurnal de c\u0103l\u0103torie<\/a><\/h3>\n\n\n\n<p>Dac\u0103 p\u0103strezi un blog sau un jurnal de c\u0103l\u0103torie, po\u021bi s\u0103-\u021bi reaminte\u0219ti u\u0219or toate micile detalii.&nbsp;\u0218i le po\u021bi \u00eemp\u0103rt\u0103\u0219i \u0219i cu al\u021bii, dac\u0103 vrei. Cite\u0219te aceste sfaturi de c\u0103l\u0103torie pentru a \u00eenv\u0103\u021ba cum s\u0103 scrii \u00eentr-un jurnal de vacan\u021b\u0103 \u0219i a \u00ee\u021bi aminti mereu cu drag de aventurile tale \u00een jurul lumii &#8230;<\/p>\n<\/div>\n\n\n\n<div class=\"wp-block-column is-layout-flow wp-block-column-is-layout-flow\">\n<figure class=\"wp-block-image size-large\"><a href=\"https:\/\/www.the-travel-bunny.com\/ro\/cazare-in-santorini-grecia\/\"><img loading=\"lazy\" decoding=\"async\" width=\"261\" height=\"174\" src=\"https:\/\/www.the-travel-bunny.com\/ro\/wp-content\/uploads\/sites\/2\/2021\/06\/Cazare-in-Santorini-Grecia.jpg\" alt=\"Cazare in Santorini Grecia\" class=\"wp-image-3195\" title=\"\"><\/a><\/figure>\n\n\n\n<p><strong>Vacan\u021b\u0103 la Marea Egee<\/strong><\/p>\n\n\n\n<h3 class=\"wp-block-heading\"><a href=\"https:\/\/www.the-travel-bunny.com\/ro\/cazare-in-santorini-grecia\/\">Cazare in Santorini Grecia<\/a><\/h3>\n\n\n\n<p>Cea mai c\u0103utat\u0103 destina\u021bie din Grecia, Santorini nu este printre <a href=\"https:\/\/www.the-travel-bunny.com\/ro\/cele-mai-ieftine-tari-din-europa\/\">cele mai ieftine<\/a>.&nbsp;Dar cu planificare atent\u0103 \u0219i c\u00e2teva sfaturi, vacan\u021ba de vis \u00een Santorini poate deveni mai economic\u0103. Cite\u0219te acest articol \u0219i rezerv\u0103 cea mai bun\u0103 cazare \u00een Santorini. Noi am fost acolo \u0219i o recomand\u0103m cu drag &#8230;<\/p>\n<\/div>\n<\/div>\n\n\n\n<hr class=\"wp-block-separator has-css-opacity is-style-wide\"\/>\n\n\n\n<h2 class=\"wp-block-heading\">Produse preferate de cititori<\/h2>\n\n\n\n<p><strong>Articole \u0219i oferte recente \u00een magazin<\/strong><\/p>\n\n\n\n<div class=\"wp-block-columns is-layout-flex wp-container-core-columns-is-layout-9d6595d7 wp-block-columns-is-layout-flex\">\n<div class=\"wp-block-column is-layout-flow wp-block-column-is-layout-flow\">\n<figure class=\"wp-block-image size-large\"><a href=\"https:\/\/www.the-travel-bunny.com\/magazin\/harta-lumii-cu-led\/\"><img loading=\"lazy\" decoding=\"async\" width=\"261\" height=\"174\" src=\"https:\/\/www.the-travel-bunny.com\/ro\/wp-content\/uploads\/sites\/2\/2021\/06\/harta-lumii-cu-led-pentru-perete.jpg\" alt=\"harta lumii cu led pentru perete\" class=\"wp-image-3196\" title=\"\"><\/a><\/figure>\n\n\n\n<h3 class=\"has-normal-font-size wp-block-heading\"><a href=\"https:\/\/www.the-travel-bunny.com\/magazin\/harta-lumii-cu-led\/\">Harta lumii cu LED pentru perete<\/a><\/h3>\n<\/div>\n\n\n\n<div class=\"wp-block-column is-layout-flow wp-block-column-is-layout-flow\">\n<figure class=\"wp-block-image size-large\"><a href=\"https:\/\/www.the-travel-bunny.com\/magazin\/harta-lumii-din-lemn-3d\/\"><img loading=\"lazy\" decoding=\"async\" width=\"261\" height=\"174\" src=\"https:\/\/www.the-travel-bunny.com\/ro\/wp-content\/uploads\/sites\/2\/2021\/06\/harta-lumii-din-lemn-3d.jpg\" alt=\"harta lumii din lemn 3d\" class=\"wp-image-3197\" title=\"\"><\/a><\/figure>\n\n\n\n<h3 class=\"has-normal-font-size wp-block-heading\"><a href=\"https:\/\/www.the-travel-bunny.com\/magazin\/harta-lumii-din-lemn-3d\/\">Harta lumii din lemn 3D<\/a><\/h3>\n<\/div>\n\n\n\n<div class=\"wp-block-column is-layout-flow wp-block-column-is-layout-flow\">\n<figure class=\"wp-block-image size-large\"><a href=\"https:\/\/www.the-travel-bunny.com\/magazin\/rucsac-nayo-almighty-32l\/\"><img loading=\"lazy\" decoding=\"async\" width=\"261\" height=\"174\" src=\"https:\/\/www.the-travel-bunny.com\/ro\/wp-content\/uploads\/sites\/2\/2021\/06\/Rucsac-Nayo-Almighty.jpg\" alt=\"Rucsac Nayo Almighty\" class=\"wp-image-3198\" title=\"\"><\/a><\/figure>\n\n\n\n<h3 class=\"has-normal-font-size wp-block-heading\"><a href=\"https:\/\/www.the-travel-bunny.com\/magazin\/rucsac-nayo-almighty-32l\/\">Rucsac Nayo Almighty 32L<\/a><\/h3>\n<\/div>\n\n\n\n<div class=\"wp-block-column is-layout-flow wp-block-column-is-layout-flow\">\n<figure class=\"wp-block-image size-large\"><a href=\"https:\/\/www.the-travel-bunny.com\/magazin\/rucsac-nayo-exp\/\"><img loading=\"lazy\" decoding=\"async\" width=\"261\" height=\"174\" src=\"https:\/\/www.the-travel-bunny.com\/ro\/wp-content\/uploads\/sites\/2\/2021\/06\/Rucsac-Nayo-EXP.jpg\" alt=\"Rucsac Nayo EXP\" class=\"wp-image-3199\" title=\"\"><\/a><\/figure>\n\n\n\n<h3 class=\"has-normal-font-size wp-block-heading\"><a href=\"https:\/\/www.the-travel-bunny.com\/magazin\/rucsac-nayo-exp\/\">Rucsac Nayo EXP extensibil<\/a><\/h3>\n<\/div>\n<\/div>\n\n\n\n<p class=\"has-text-align-center\">Vezi ultimele produse pentru c\u0103l\u0103tori sau urm\u0103re\u0219te reducerile de pe <a href=\"https:\/\/twitter.com\/mirela_iepurela\" target=\"_blank\" aria-label=\"Twitter (opens in a new tab)\" rel=\"noreferrer noopener nofollow\" class=\"rank-math-link\">Twitter<\/a><\/p>\n","protected":false},"excerpt":{"rendered":"<p>Eu sunt&nbsp;Mirela Letailleur&nbsp;(sau Mirela Iepurela \/ The Travel Bunny) \u0219i m\u0103 bucur s\u0103 te cunosc \u0219i s\u0103 \u00ee\u021bi \u00eemp\u0103rt\u0103\u0219esc pove\u0219tile mele din c\u0103l\u0103torii. Acum ceva timp, am fost coordonator la British Council din Rom\u00e2nia, unde am administrat cursurile pentru adul\u021bi, am organizat evenimente pentru copii \u0219i m-am ocupat de partea digital\u0103 a Centrului de Limba Englez\u0103.&nbsp;Ast\u0103zi sunt&nbsp;blogger de c\u0103l\u0103torii cu norm\u0103 \u00eentreag\u0103 care \u00ee\u0219i dore\u0219te s\u0103 devin\u0103 nomad digital. \u00cempreun\u0103 cu Mathieu, so\u021bul meu, desigur! \u00cen februarie 2020, am cump\u0103rat o barc\u0103 \u00een Fran\u021ba, cu visul de a naviga \u00een Marea Mediteran\u0103.&nbsp;Dup\u0103 lockdown,&nbsp;am plecat din sudul Fran\u021bei de-a lungul coastei &#8230; <\/p>\n<p class=\"read-more-container\"><a title=\"Bine ai venit pe The Travel Bunny!\" class=\"read-more button\" href=\"https:\/\/www.the-travel-bunny.com\/ro\/#more-2\" aria-label=\"Cite\u0219te mai multe despre Bine ai venit pe The Travel Bunny!\">Read more<\/a><\/p>\n","protected":false},"author":1,"featured_media":0,"parent":0,"menu_order":0,"comment_status":"closed","ping_status":"closed","template":"","meta":{"footnotes":""},"class_list":["post-2","page","type-page","status-publish"],"_links":{"self":[{"href":"https:\/\/www.the-travel-bunny.com\/ro\/wp-json\/wp\/v2\/pages\/2","targetHints":{"allow":["GET"]}}],"collection":[{"href":"https:\/\/www.the-travel-bunny.com\/ro\/wp-json\/wp\/v2\/pages"}],"about":[{"href":"https:\/\/www.the-travel-bunny.com\/ro\/wp-json\/wp\/v2\/types\/page"}],"author":[{"embeddable":true,"href":"https:\/\/www.the-travel-bunny.com\/ro\/wp-json\/wp\/v2\/users\/1"}],"replies":[{"embeddable":true,"href":"https:\/\/www.the-travel-bunny.com\/ro\/wp-json\/wp\/v2\/comments?post=2"}],"version-history":[{"count":0,"href":"https:\/\/www.the-travel-bunny.com\/ro\/wp-json\/wp\/v2\/pages\/2\/revisions"}],"wp:attachment":[{"href":"https:\/\/www.the-travel-bunny.com\/ro\/wp-json\/wp\/v2\/media?parent=2"}],"curies":[{"name":"wp","href":"https:\/\/api.w.org\/{rel}","templated":true}]}}