{"id":260,"date":"2019-11-16T09:58:56","date_gmt":"2019-11-16T09:58:56","guid":{"rendered":"https:\/\/the-travel-bunny-com.lyricalstaging.com\/ro\/?page_id=260"},"modified":"2026-01-30T10:22:32","modified_gmt":"2026-01-30T10:22:32","slug":"vile-palate-in-roma-vacanta","status":"publish","type":"page","link":"https:\/\/www.the-travel-bunny.com\/ro\/ghiduri-de-calatorie\/roma-ghid-turistic\/vile-palate-in-roma-vacanta\/","title":{"rendered":"Vile \u0219i palate \u00een Roma"},"content":{"rendered":"\n<p>Pe aceast\u0103 pagin\u0103 a ghidului gratuit de c\u0103l\u0103torie la Roma, vei descoperi vile \u0219i palate \u00een Roma.&nbsp;Cu siguran\u021b\u0103 vei trece pe l\u00e2ng\u0103 ele \u00een timp ce vizitezi Roma \u0219i va fi util s\u0103 \u0219tii ce reprezint\u0103 fiecare dintre aceste cl\u0103diri importante.<\/p>\n\n\n\n<p>Prin urmare, pentru fiecare dintre aceste vile \u0219i palate \u00een <a href=\"https:\/\/www.the-travel-bunny.com\/ro\/ghiduri-de-calatorie\/roma-ghid-turistic\/\">Roma<\/a>, vei g\u0103si:<\/p>\n\n\n\n<ul class=\"wp-block-list\">\n<li>numele vilei sau palatului din Roma \u0219i o fotografie;<\/li>\n\n\n\n<li>o scurt\u0103 descriere a fiec\u0103rei vile \u0219i palat din <a href=\"https:\/\/www.the-travel-bunny.com\/ro\/ghiduri-de-calatorie\/roma-ghid-turistic\/gradini-parcuri-din-roma\/\">Roma<\/a>;<\/li>\n\n\n\n<li><strong>informa\u021bii de vizitare,<\/strong>\u00a0inclusiv programul de vizitare, pre\u021burile biletelor, adresa \u0219i loca\u021bia pe hart\u0103, telefon dac\u0103 este disponibil, \u0219i detalii despre cum s\u0103 ajungi la aceste vile \u0219i palate \u00een Roma cu transportul \u00een comun.<\/li>\n<\/ul>\n\n\n\n<div class=\"wp-block-rank-math-toc-block\" id=\"rank-math-toc\"><h2>Vile \u0219i palate \u00een Roma<\/h2><nav><ul><li class=\"\"><a href=\"#palatele-de-pe-campidoglio\">Palatele de pe Campidoglio<\/a><\/li><li class=\"\"><a href=\"#palatul-altemps\">Palatul Altemps<\/a><\/li><li class=\"\"><a href=\"#palatul-barberini\">Palatul Barberini<\/a><\/li><li class=\"\"><a href=\"#palatul-borghese\">Palatul Borghese<\/a><\/li><li class=\"\"><a href=\"#palatul-chigi\">Palatul Chigi<\/a><\/li><li class=\"\"><a href=\"#palatul-colonna\">Palatul Colonna<\/a><\/li><li class=\"\"><a href=\"#palatul-corsini\">Palatul Corsini<\/a><\/li><li class=\"\"><a href=\"#palatul-quirinal\">Palatul Quirinal<\/a><\/li><li class=\"\"><a href=\"#palatul-cancelariei\">Palatul Cancelariei<\/a><\/li><li class=\"\"><a href=\"#palatul-montecitorio\">Palatul Montecitorio<\/a><\/li><li class=\"\"><a href=\"#palatul-farnese\">Palatul Farnese<\/a><\/li><li class=\"\"><a href=\"#palatul-madama\">Palatul Madama<\/a><\/li><li class=\"\"><a href=\"#palatul-massimo-la-coloane\">Palatul Massimo la Coloane<\/a><\/li><li class=\"\"><a href=\"#palatul-massimo-de-la-terme\">Palatul Massimo de la Terme<\/a><\/li><li class=\"\"><a href=\"#palatul-pamphilj\">Palatul Pamphilj<\/a><\/li><li class=\"\"><a href=\"#palatul-spada\">Palatul Spada<\/a><\/li><li class=\"\"><a href=\"#palatul-vene\u021bia\">Palatul Vene\u021bia<\/a><\/li><li class=\"\"><a href=\"#palatul-zuccari\">Palatul Zuccari<\/a><\/li><li class=\"\"><a href=\"#vila-giulia\">Vila Giulia<\/a><\/li><li class=\"\"><a href=\"#vila-farnesina\">Vila Farnesina<\/a><\/li><\/ul><\/nav><\/div>\n\n\n\n<hr class=\"wp-block-separator has-css-opacity is-style-wide\"\/>\n\n\n\n<figure class=\"wp-block-image size-large\"><img loading=\"lazy\" decoding=\"async\" width=\"792\" height=\"294\" src=\"https:\/\/www.the-travel-bunny.com\/ro\/wp-content\/uploads\/sites\/2\/2021\/05\/roma-palate-campidoglio.jpg\" alt=\"roma palate campidoglio\" class=\"wp-image-262\" title=\"\" srcset=\"https:\/\/www.the-travel-bunny.com\/ro\/wp-content\/uploads\/sites\/2\/2021\/05\/roma-palate-campidoglio.jpg 792w, https:\/\/www.the-travel-bunny.com\/ro\/wp-content\/uploads\/sites\/2\/2021\/05\/roma-palate-campidoglio-300x111.jpg 300w, https:\/\/www.the-travel-bunny.com\/ro\/wp-content\/uploads\/sites\/2\/2021\/05\/roma-palate-campidoglio-768x285.jpg 768w\" sizes=\"auto, (max-width: 792px) 100vw, 792px\" \/><figcaption class=\"wp-element-caption\"><em>Vile \u0219i palate \u00een Roma: Palatele de pe Campidoglio. Fotografie de Nicolae Gemeni [<a href=\"https:\/\/creativecommons.org\/licenses\/by-sa\/4.0\/\" target=\"_blank\" rel=\"noreferrer noopener nofollow\">CC BY-SA 4.0<\/a>]<\/em><\/figcaption><\/figure>\n\n\n\n<h2 class=\"wp-block-heading\" id=\"palatele-de-pe-campidoglio\">Palatele de pe Campidoglio<\/h2>\n\n\n\n<p>C\u00e2nd \u00eemp\u0103ratul Carol al V-lea a <a href=\"https:\/\/www.the-travel-bunny.com\/ro\/100-de-motive-pentru-a-vizita-romania\/\">vizitat<\/a> Roma \u00een 1536, Papa Paul al II-lea s-a sim\u021bit ru\u0219inat de starea Dealului Capitolinei.&nbsp;Prin urmare, el i-a cerut lui Michelangelo s\u0103 ajute la schimbarea aspectului zonei.&nbsp;Zece ani mai t\u00e2rziu, maestrul \u0219i-a \u00eenceput munca, de\u0219i a murit \u00eenainte de finalizarea lucr\u0103rilor.<\/p>\n\n\n\n<p>Cu toate acestea, atingerea lui Michelangelo poate fi observat\u0103 \u00een toate aceste palate din Roma: pe sc\u0103rile duble ale&nbsp;<strong>Palatul Senatorial<\/strong>, la fa\u021badele&nbsp;<strong>Palatului Conservatorilor<\/strong>&nbsp;\u0219i&nbsp;<strong>Palatului Nou<em>,<\/em><\/strong>&nbsp;\u0219i \u00een amplasarea sculpturilor antice.<\/p>\n\n\n\n<br>\n\n\n\n<h3 class=\"wp-block-heading\" id=\"bilete-program-\u0219i-alte-informa\u021bii-utile\">Bilete, program \u0219i alte informa\u021bii utile<\/h3>\n\n\n\n<br>\n\n\n\n<h4 class=\"wp-block-heading\" id=\"program-de-vizitare\"><strong>Program de vizitare<\/strong><\/h4>\n\n\n\n<p>Aceste trei palate din Roma&nbsp;fac parte din&nbsp;Muzeele Capitoline.&nbsp;Sunt deschise de mar\u021bi p\u00e2n\u0103 duminic\u0103, \u00eentre orele 09:30 \u0219i 19:30.&nbsp;\u00cenchise lunea.<\/p>\n\n\n\n<br>\n\n\n\n<h4 class=\"wp-block-heading\" id=\"bilete\"><strong>Bilete<\/strong><\/h4>\n\n\n\n<p>Un bilet de acces general pentru a vizita cele trei palate cost\u0103 \u20ac15,00.<\/p>\n\n\n\n<p><strong>Biletele reduse<\/strong>&nbsp;cost\u0103 \u20ac13,00 \u0219i sunt disponibile pentru cet\u0103\u021benii UE.<\/p>\n\n\n\n<p><strong>Accesul gratuit<\/strong>&nbsp;este oferit copiilor cu v\u00e2rsta sub 18 ani cu mobilitate redus\u0103.&nbsp;De asemenea, intrarea este gratuit\u0103 \u00een prima duminic\u0103 a fiec\u0103rei luni.<\/p>\n\n\n\n<p class=\"has-background\" style=\"background-color:#f5f5f5\"><strong><span style=\"text-decoration: underline;\"><a href=\"https:\/\/www.the-travel-bunny.com\/ro\/ghiduri-de-calatorie\/roma-ghid-turistic\/muzee-din-roma\/\" class=\"rank-math-link\">Muzeele Capitoline<\/a> din Roma<\/span><\/strong><br><strong>Adresa<\/strong>: Piazza del Campidoglio, 1, 00186 Roma RM, Italia |&nbsp;<a aria-label=\" (opens in a new tab)\" rel=\"noreferrer noopener nofollow\" href=\"https:\/\/goo.gl\/maps\/WiEPaKiV7beXQ6u68\" target=\"_blank\" class=\"rank-math-link\">Vezi pe hart\u0103<\/a><br><strong>Transport public<\/strong>: Autobuzele 64, 87 \u0219i 119 te vor duce la Piazza Vene\u021bia din apropiere.<br><strong>Tel.<\/strong>&nbsp;+39 06 0608<\/p>\n\n\n\n<hr class=\"wp-block-separator has-css-opacity is-style-wide\"\/>\n\n\n\n<figure class=\"wp-block-image size-large\"><img loading=\"lazy\" decoding=\"async\" width=\"792\" height=\"294\" src=\"https:\/\/www.the-travel-bunny.com\/ro\/wp-content\/uploads\/sites\/2\/2021\/05\/roma-palatul-altemps.jpg\" alt=\"roma palatul altemps\" class=\"wp-image-263\" title=\"\" srcset=\"https:\/\/www.the-travel-bunny.com\/ro\/wp-content\/uploads\/sites\/2\/2021\/05\/roma-palatul-altemps.jpg 792w, https:\/\/www.the-travel-bunny.com\/ro\/wp-content\/uploads\/sites\/2\/2021\/05\/roma-palatul-altemps-300x111.jpg 300w, https:\/\/www.the-travel-bunny.com\/ro\/wp-content\/uploads\/sites\/2\/2021\/05\/roma-palatul-altemps-768x285.jpg 768w\" sizes=\"auto, (max-width: 792px) 100vw, 792px\" \/><figcaption class=\"wp-element-caption\"><em>Vile \u0219i palate \u00een Roma: Palatul Altemps<\/em><\/figcaption><\/figure>\n\n\n\n<h2 class=\"wp-block-heading\" id=\"palatul-altemps\">Palatul Altemps<\/h2>\n\n\n\n<p>Palatul Altemps a fost ridicat \u00een 1585 de Martino Longhi.&nbsp;Ast\u0103zi, camerele sale frumos decorate sunt pline de sculpturi antice.&nbsp;Asta pentru c\u0103 este una dintre cele patru cl\u0103diri care formeaz\u0103&nbsp;Muzeul Na\u021bional Roman.<\/p>\n\n\n\n<br>\n\n\n\n<h3 class=\"wp-block-heading\" id=\"bilete-program-\u0219i-alte-informa\u021bii-utile-1\">Bilete, program \u0219i alte informa\u021bii utile<\/h3>\n\n\n\n<br>\n\n\n\n<h4 class=\"wp-block-heading\" id=\"program-de-vizitare-2\"><strong>Program de vizitare<\/strong><\/h4>\n\n\n\n<p>Palatul Altemps este deschis de mar\u021bi p\u00e2n\u0103 duminic\u0103, \u00eentre 09:00 \u0219i 19:45.&nbsp;\u00cenchis lunea.<\/p>\n\n\n\n<br>\n\n\n\n<h4 class=\"wp-block-heading\" id=\"bilete-3\"><strong>Bilete<\/strong><\/h4>\n\n\n\n<p>Un bilet de acces general cost\u0103 \u20ac12,00.<\/p>\n\n\n\n<p class=\"has-background\" style=\"background-color:#fffaec\">Biletul pentru Palatul Altemps este valabil \u0219i pentru&nbsp;Palatul Massimo de la Terme,&nbsp;B\u0103ile lui Diocle\u021bian&nbsp;\u0219i Crypta Balbi.<\/p>\n\n\n\n<p class=\"has-background\" style=\"background-color:#f5f5f5\"><strong><span style=\"text-decoration: underline;\">Palatul Altemps<\/span><\/strong><br><strong>Adresa:<\/strong>&nbsp;Piazza di Sant&#8217;Apollinare, 46, 00186 Roma RM, Italia |&nbsp;<a href=\"https:\/\/goo.gl\/maps\/BRvxp7tqqYWUZEhR6\" target=\"_blank\" aria-label=\" (opens in a new tab)\" rel=\"noreferrer noopener nofollow\" class=\"rank-math-link\">Vezi pe hart\u0103<\/a><br><strong>Transport public:<\/strong>&nbsp;Autobuzele 30, 70, 81, 87, 492 \u0219i 628 au sta\u021bii l\u00e2ng\u0103 Palatul Altemps.<br><strong>Tel.<\/strong>&nbsp;+39 06 684851<\/p>\n\n\n\n<hr class=\"wp-block-separator has-css-opacity is-style-wide\"\/>\n\n\n\n<figure class=\"wp-block-image size-large\"><img loading=\"lazy\" decoding=\"async\" width=\"792\" height=\"294\" src=\"https:\/\/www.the-travel-bunny.com\/ro\/wp-content\/uploads\/sites\/2\/2021\/05\/roma-palatul-barberini.jpg\" alt=\"roma palatul barberini\" class=\"wp-image-264\" title=\"\" srcset=\"https:\/\/www.the-travel-bunny.com\/ro\/wp-content\/uploads\/sites\/2\/2021\/05\/roma-palatul-barberini.jpg 792w, https:\/\/www.the-travel-bunny.com\/ro\/wp-content\/uploads\/sites\/2\/2021\/05\/roma-palatul-barberini-300x111.jpg 300w, https:\/\/www.the-travel-bunny.com\/ro\/wp-content\/uploads\/sites\/2\/2021\/05\/roma-palatul-barberini-768x285.jpg 768w\" sizes=\"auto, (max-width: 792px) 100vw, 792px\" \/><figcaption class=\"wp-element-caption\"><em>Vile \u0219i palate \u00een Roma: Carul lui Apollo din Palazzo Barberini. Fotografie de Giuseppe Bartolomeo Chiari [<a href=\"https:\/\/creativecommons.org\/licenses\/by-sa\/4.0\/\" target=\"_blank\" rel=\"noreferrer noopener nofollow\">CC BY-SA 4.0<\/a>]<\/em><\/figcaption><\/figure>\n\n\n\n<h2 class=\"wp-block-heading\" id=\"palatul-barberini\">Palatul Barberini<\/h2>\n\n\n\n<p>C\u00e2nd Mattei Barberini a devenit Papa Urban al VIII-lea \u00een 1623, a vrut s\u0103 construiasc\u0103 un palat pentru familia sa, la marginea <a href=\"https:\/\/www.the-travel-bunny.com\/ro\/centrul-istoric-al-romei-vacanta-roma\/\">Romei<\/a>.&nbsp;Arhitectul Carlo Moderno l-a g\u00e2ndit ca pe o vil\u0103 mare la \u021bar\u0103, cu trei etaje de arcade.&nbsp;Apoi, Bernini a ad\u0103ugat sc\u0103rile p\u0103trate situate \u00een partea st\u00e2ng\u0103, \u00een timp ce Borromini a ad\u0103ugat scara \u00een spiral\u0103 din partea dreapt\u0103.<\/p>\n\n\n\n<p>Familia Barberini a v\u00e2ndut acest palat statului italian \u00een 1949 \u0219i a devenit parte a&nbsp;Galeriei Na\u021bionale de Art\u0103 Antic\u0103.&nbsp;Galeria de art\u0103 a fost fondat\u0103 \u00een 1893, c\u00e2nd&nbsp;Palatul Corsini&nbsp;a fost v\u00e2ndut \u0219i el statului.&nbsp;Ast\u0103zi, Palatul Barberini g\u0103zduie\u0219te peste 1700 de tablouri, cresc\u00e2nd cu fiecare achizi\u021bie de la familiile nobile din Roma.<\/p>\n\n\n\n<br>\n\n\n\n<h3 class=\"wp-block-heading\" id=\"bilete-program-\u0219i-alte-informa\u021bii-utile-4\">Bilete, program \u0219i alte informa\u021bii utile<\/h3>\n\n\n\n<br>\n\n\n\n<h4 class=\"wp-block-heading\" id=\"program-de-vizitare-5\"><strong>Program de vizitare<\/strong><\/h4>\n\n\n\n<p>Palatul Barberini este deschis de mar\u021bi p\u00e2n\u0103 duminic\u0103, \u00eentre orele 08:30 \u0219i 19:00.&nbsp;\u00cenchis lunea.<\/p>\n\n\n\n<br>\n\n\n\n<h4 class=\"wp-block-heading\" id=\"bilete-6\"><strong>Bilete<\/strong><\/h4>\n\n\n\n<p>Un bilet de acces general pentru aceste dou\u0103 palate \u00een Roma cost\u0103 \u20ac12,00.<\/p>\n\n\n\n<p><strong>Biletele reduse<\/strong>&nbsp;cost\u0103 \u20ac2,00 \u0219i sunt disponibile pentru cet\u0103\u021benii UE cu v\u00e2rste cuprinse \u00eentre 18 \u0219i 25 de ani.<\/p>\n\n\n\n<p><strong>Accesul gratuit<\/strong>&nbsp;este oferit copiilor sub 18 ani.<\/p>\n\n\n\n<p class=\"has-background\" style=\"background-color:#fffaec\">Biletul pentru Palatul Barberini este valabil \u0219i pentru&nbsp;Palatul Corsini.<\/p>\n\n\n\n<p class=\"has-background\" style=\"background-color:#f5f5f5\"><strong><span style=\"text-decoration: underline;\">Palatul Barberini<\/span><\/strong><br><strong>Adresa<\/strong>: Via delle Quattro Fontane, 13, 00184 Roma RM, Italia |&nbsp;<a aria-label=\" (opens in a new tab)\" rel=\"noreferrer noopener nofollow\" href=\"https:\/\/goo.gl\/maps\/9LbvMLK67itpgKZ18\" target=\"_blank\" class=\"rank-math-link\">Vezi pe hart\u0103<\/a><br><strong>Transport public<\/strong>: Linia de metrou A opre\u0219te \u00een sta\u021bia Barberini.&nbsp;Autobuzele 52, 53, 56, 58, 58, 60, 61, 95, 116, 175, 492 \u0219i 590 au, de asemenea, sta\u021bii \u00een apropiere.<br><strong>Tel.<\/strong>&nbsp;+39 06 481 4591<\/p>\n\n\n\n<hr class=\"wp-block-separator has-css-opacity is-style-wide\"\/>\n\n\n\n<figure class=\"wp-block-image size-large\"><img loading=\"lazy\" decoding=\"async\" width=\"792\" height=\"294\" src=\"https:\/\/www.the-travel-bunny.com\/ro\/wp-content\/uploads\/sites\/2\/2021\/05\/roma-palatul-borghese.jpg\" alt=\"roma palatul borghese\" class=\"wp-image-265\" title=\"\" srcset=\"https:\/\/www.the-travel-bunny.com\/ro\/wp-content\/uploads\/sites\/2\/2021\/05\/roma-palatul-borghese.jpg 792w, https:\/\/www.the-travel-bunny.com\/ro\/wp-content\/uploads\/sites\/2\/2021\/05\/roma-palatul-borghese-300x111.jpg 300w, https:\/\/www.the-travel-bunny.com\/ro\/wp-content\/uploads\/sites\/2\/2021\/05\/roma-palatul-borghese-768x285.jpg 768w\" sizes=\"auto, (max-width: 792px) 100vw, 792px\" \/><figcaption class=\"wp-element-caption\"><em>Vile \u0219i palate \u00een Roma: Palatul Borghese. Fotografie de Lalupa [<a href=\"https:\/\/creativecommons.org\/licenses\/by-sa\/3.0\/\" target=\"_blank\" rel=\"noreferrer noopener nofollow\">CC BY-SA 3.0<\/a>]<\/em><\/figcaption><\/figure>\n\n\n\n<h2 class=\"wp-block-heading\" id=\"palatul-borghese\">Palatul Borghese<\/h2>\n\n\n\n<p>Palatul Borghese este cunoscut \u0219i sub numele de Clavecin (<em>Il Cembalo<\/em>) datorit\u0103 formei sale neobi\u0219nuite.&nbsp;Construit \u00een secolul al XVII-lea dup\u0103 designul lui Vignola, Palatul Borghese a fost un loc unde anturajul papal s-a retras pentru petreceri \u0219i alte evenimente sociale.<\/p>\n\n\n\n<p>Ast\u0103zi, este sediul Ambasadei Spaniei la Roma.<\/p>\n\n\n\n<br>\n\n\n\n<h3 class=\"wp-block-heading\" id=\"bilete-program-\u0219i-alte-informa\u021bii-utile-7\">Bilete, program \u0219i alte informa\u021bii utile<\/h3>\n\n\n\n<br>\n\n\n\n<p>Palatul Borghese nu mai este deschis pentru turi\u0219ti dec\u00e2t dac\u0103 exist\u0103 o expozi\u021bie temporar\u0103.<br>Po\u021bi&nbsp;consulta expozi\u021biile actuale \u0219i viitoare \u00eenainte de a planifica o vizit\u0103.<\/p>\n\n\n\n<p class=\"has-background\" style=\"background-color:#f5f5f5\"><strong><span style=\"text-decoration: underline;\">Palatul Borghese<\/span><\/strong><br><strong>Adresa:<\/strong>&nbsp;Piazza Borghese, 9, 00186 Roma RM, Italia |&nbsp;<a href=\"https:\/\/goo.gl\/maps\/qFd6k59ZffNEEjyw5\" target=\"_blank\" aria-label=\" (opens in a new tab)\" rel=\"noreferrer noopener nofollow\" class=\"rank-math-link\">Vezi pe hart\u0103<\/a><br><strong>Transport public:<\/strong>&nbsp;Autobuzele 70, 81, 87, 119, 492 \u0219i 628 au sta\u021bii \u00een apropiere de Palatul Borghese.<br><strong>Tel.<\/strong>&nbsp;+39 06 8379 6619<\/p>\n\n\n\n<hr class=\"wp-block-separator has-css-opacity is-style-wide\"\/>\n\n\n\n<figure class=\"wp-block-image size-large\"><img loading=\"lazy\" decoding=\"async\" width=\"792\" height=\"294\" src=\"https:\/\/www.the-travel-bunny.com\/ro\/wp-content\/uploads\/sites\/2\/2021\/05\/roma-palatul-chigi.jpg\" alt=\"roma palatul chigi\" class=\"wp-image-266\" title=\"\" srcset=\"https:\/\/www.the-travel-bunny.com\/ro\/wp-content\/uploads\/sites\/2\/2021\/05\/roma-palatul-chigi.jpg 792w, https:\/\/www.the-travel-bunny.com\/ro\/wp-content\/uploads\/sites\/2\/2021\/05\/roma-palatul-chigi-300x111.jpg 300w, https:\/\/www.the-travel-bunny.com\/ro\/wp-content\/uploads\/sites\/2\/2021\/05\/roma-palatul-chigi-768x285.jpg 768w\" sizes=\"auto, (max-width: 792px) 100vw, 792px\" \/><figcaption class=\"wp-element-caption\"><em>Vile \u0219i palate \u00een Roma: Palatul Chigi<\/em><\/figcaption><\/figure>\n\n\n\n<h2 class=\"wp-block-heading\" id=\"palatul-chigi\">Palatul Chigi<\/h2>\n\n\n\n<p>L\u00e2ng\u0103&nbsp;<a href=\"https:\/\/www.the-travel-bunny.com\/ro\/ghiduri-de-calatorie\/roma-ghid-turistic\/piete-din-roma\/\">Pia\u021ba<\/a> Colonna&nbsp;\u0219i&nbsp;Bulevardul Corso, se afl\u0103 Palatul Chigi.&nbsp;Construc\u021bia a fost \u00eenceput\u0103 de Giacomo della Porta \u00een 1562 \u0219i finalizat\u0103 de Carlo Maderno \u00een 1580. Familia Chigi din Siena a cump\u0103rat-o \u00een 1659.<\/p>\n\n\n\n<p>Ast\u0103zi, Palatul Chigi este re\u0219edin\u021ba oficial\u0103 a premierului italian.<\/p>\n\n\n\n<br>\n\n\n\n<h3 class=\"wp-block-heading\" id=\"bilete-program-\u0219i-alte-informa\u021bii-utile-8\">Bilete, program \u0219i alte informa\u021bii utile<\/h3>\n\n\n\n<br>\n\n\n\n<p>Intrarea \u00een Palatul Chigi este gratuit\u0103.&nbsp;Cu toate acestea, trebuie s\u0103 rezervi vizita \u00een avans.<\/p>\n\n\n\n<p class=\"has-background\" style=\"background-color:#f5f5f5\"><strong><span style=\"text-decoration: underline;\">Palatul Chigi<\/span><\/strong><br><strong>Adresa:<\/strong>&nbsp;Piazza Colonna, 370, 00186 Roma RM, Italia |&nbsp;<a href=\"https:\/\/goo.gl\/maps\/6LsyJqZuJrLmzcvm6\" target=\"_blank\" aria-label=\" (opens in a new tab)\" rel=\"noreferrer noopener nofollow\" class=\"rank-math-link\">Vezi pe hart\u0103<\/a><br><strong>Transport public:<\/strong>&nbsp;Autobuzele 119 \u0219i 628 te las\u0103 la c\u00e2\u021biva pa\u0219i de Palatul Chigi.<br><strong>Tel.<\/strong>&nbsp;+39 06 67791<\/p>\n\n\n\n<hr class=\"wp-block-separator has-css-opacity is-style-wide\"\/>\n\n\n\n<figure class=\"wp-block-image size-large\"><img loading=\"lazy\" decoding=\"async\" width=\"792\" height=\"294\" src=\"https:\/\/www.the-travel-bunny.com\/ro\/wp-content\/uploads\/sites\/2\/2021\/05\/roma-palatul-colonna.jpg\" alt=\"roma palatul colonna\" class=\"wp-image-267\" title=\"\" srcset=\"https:\/\/www.the-travel-bunny.com\/ro\/wp-content\/uploads\/sites\/2\/2021\/05\/roma-palatul-colonna.jpg 792w, https:\/\/www.the-travel-bunny.com\/ro\/wp-content\/uploads\/sites\/2\/2021\/05\/roma-palatul-colonna-300x111.jpg 300w, https:\/\/www.the-travel-bunny.com\/ro\/wp-content\/uploads\/sites\/2\/2021\/05\/roma-palatul-colonna-768x285.jpg 768w\" sizes=\"auto, (max-width: 792px) 100vw, 792px\" \/><figcaption class=\"wp-element-caption\"><em>Vile \u0219i palate \u00een Roma: Gr\u0103dinile palatului Colonna din Roma. Fotografie de&nbsp;Sailko [<a href=\"https:\/\/creativecommons.org\/licenses\/by-sa\/3.0\/\" target=\"_blank\" rel=\"noreferrer noopener nofollow\">CC BY 3.0<\/a>]<\/em><\/figcaption><\/figure>\n\n\n\n<h2 class=\"wp-block-heading\" id=\"palatul-colonna\">Palatul Colonna<\/h2>\n\n\n\n<p>Ridicat \u00een peste cinci secole, Palatul Colonna este o serie de cl\u0103diri din centrul Romei.&nbsp;Este situat la baza Dealului Quirinal, l\u00e2ng\u0103&nbsp;Biserica Sfin\u021bilor Apostoli.&nbsp;Numele s\u0103u provine de la familia Colonna, care \u00eel de\u021bine de peste 20 de genera\u021bii.<\/p>\n\n\n\n<p>Ast\u0103zi, \u00een interiorul Palatul Colonna, c\u0103l\u0103torii pot vedea piese de Lotto, Tintoretto \u0219i Veronese.<\/p>\n\n\n\n<br>\n\n\n\n<h3 class=\"wp-block-heading\" id=\"bilete-program-\u0219i-alte-informa\u021bii-utile-9\">Bilete, program \u0219i alte informa\u021bii utile<\/h3>\n\n\n\n<br>\n\n\n\n<h4 class=\"wp-block-heading\" id=\"program-de-vizitare-10\"><strong>Program de vizitare<\/strong><\/h4>\n\n\n\n<p>Palatul Colonna este deschis s\u00e2mb\u0103t\u0103, \u00eentre orele 09:00 \u0219i 14:00.<\/p>\n\n\n\n<br>\n\n\n\n<h4 class=\"wp-block-heading\" id=\"bilete-11\"><strong>Bilete<\/strong><\/h4>\n\n\n\n<p>Un bilet de acces general pentru a vizita aceste trei palate \u00een Roma cost\u0103 \u20ac12,00.<\/p>\n\n\n\n<p><strong>Biletele reduse<\/strong>&nbsp;cost\u0103 \u20ac10,00 \u0219i sunt disponibile pentru copiii \u00eentre 13 \u0219i 17 ani, seniorii de peste 60 de ani, studen\u021bii universitari \u0219i vizitatorii cu dizabilit\u0103\u021bi.<\/p>\n\n\n\n<p><strong>Accesul gratuit<\/strong>&nbsp;este oferit copiilor cu v\u00e2rsta sub 12 ani.<\/p>\n\n\n\n<p class=\"has-background\" style=\"background-color:#f5f5f5\"><strong><span style=\"text-decoration: underline;\">Palatul Colonna<\/span><\/strong><br><strong>Adresa:<\/strong>&nbsp;Via della Pilotta, 17, 00187 Roma RM, Italia |&nbsp;<a aria-label=\" (opens in a new tab)\" class=\"rank-math-link\" href=\"https:\/\/goo.gl\/maps\/mVuz6TgoRozfaCrJ9\" target=\"_blank\" rel=\"noreferrer noopener nofollow\">Vezi pe hart\u0103<\/a><br><strong>Transport public:<\/strong>&nbsp;<a href=\"https:\/\/www.the-travel-bunny.com\/ro\/viziteaza-riviera-atenei-cu-tramvaiul\/\">Tramvaiul<\/a> 8 \u0219i autobuzele 40, 60, 64, 70, 117 \u0219i 170 te pot aduce \u00een apropiere de Palatul Colonna.<br><strong>Tel.<\/strong>&nbsp;+39 06 678 4350<\/p>\n\n\n\n<hr class=\"wp-block-separator has-css-opacity is-style-wide\"\/>\n\n\n\n<figure class=\"wp-block-image size-large\"><img loading=\"lazy\" decoding=\"async\" width=\"792\" height=\"294\" src=\"https:\/\/www.the-travel-bunny.com\/ro\/wp-content\/uploads\/sites\/2\/2021\/05\/roma-palatul-corsini.jpg\" alt=\"roma palatul corsini\" class=\"wp-image-268\" title=\"\" srcset=\"https:\/\/www.the-travel-bunny.com\/ro\/wp-content\/uploads\/sites\/2\/2021\/05\/roma-palatul-corsini.jpg 792w, https:\/\/www.the-travel-bunny.com\/ro\/wp-content\/uploads\/sites\/2\/2021\/05\/roma-palatul-corsini-300x111.jpg 300w, https:\/\/www.the-travel-bunny.com\/ro\/wp-content\/uploads\/sites\/2\/2021\/05\/roma-palatul-corsini-768x285.jpg 768w\" sizes=\"auto, (max-width: 792px) 100vw, 792px\" \/><figcaption class=\"wp-element-caption\"><em>Vile \u0219i palate \u00een Roma: Madonna cu copil \u0219i \u00eengeri \u00een Palazzo Corsini<\/em><\/figcaption><\/figure>\n\n\n\n<h2 class=\"wp-block-heading\" id=\"palatul-corsini\">Palatul Corsini<\/h2>\n\n\n\n<p>\u00cempreun\u0103 cu&nbsp;Palatul Barberini, Palatul Corsini formeaz\u0103&nbsp;Galeria Na\u021bional\u0103 de Art\u0103 Antic\u0103.&nbsp;\u00cen interior, are c\u00e2teva lucr\u0103ri importante ale lui Caravaggio, Fra Angelico, Rubens, Tiziano \u0219i Van Dyck.<\/p>\n\n\n\n<br>\n\n\n\n<h3 class=\"wp-block-heading\" id=\"bilete-program-\u0219i-alte-informa\u021bii-utile-12\">Bilete, program \u0219i alte informa\u021bii utile<\/h3>\n\n\n\n<br>\n\n\n\n<h4 class=\"wp-block-heading\" id=\"program-de-vizitare-13\"><strong>Program de vizitare<\/strong><\/h4>\n\n\n\n<p>Palatul Corsini este deschis de mar\u021bi p\u00e2n\u0103 duminic\u0103, \u00eentre orele 08:30 \u0219i 19:00.&nbsp;\u00cenchis lunea.<\/p>\n\n\n\n<br>\n\n\n\n<h4 class=\"wp-block-heading\" id=\"bilete-14\"><strong>Bilete<\/strong><\/h4>\n\n\n\n<p>Un bilet de acces general pentru ambele palate \u00een Roma cost\u0103 \u20ac12,00.<\/p>\n\n\n\n<p><strong>Biletele reduse<\/strong>&nbsp;cost\u0103 \u20ac2,00 \u0219i sunt disponibile pentru cet\u0103\u021benii UE cu v\u00e2rste cuprinse \u00eentre 18 \u0219i 25 de ani.<\/p>\n\n\n\n<p><strong>Accesul gratuit<\/strong>&nbsp;este oferit copiilor sub 18 ani.<\/p>\n\n\n\n<p class=\"has-background\" style=\"background-color:#fffaec\">Biletul pentru Palatul Corsini este valabil \u0219i pentru&nbsp;Palatul Barberini.<\/p>\n\n\n\n<p class=\"has-background\" style=\"background-color:#f5f5f5\"><strong><span style=\"text-decoration: underline;\">Palatul Corsini<\/span><\/strong><br><strong>Adresa<\/strong>: Via della Lungara, 10, 00165 Roma RM, Italia |&nbsp;<a aria-label=\" (opens in a new tab)\" rel=\"noreferrer noopener nofollow\" href=\"https:\/\/goo.gl\/maps\/nuKu7wTnLeFSYHf87\" target=\"_blank\" class=\"rank-math-link\">Vezi pe hart\u0103<\/a><br><strong>Transport public<\/strong>: Autobuzele 23 \u0219i 280 au sta\u021bii aproape de Palatul Corsini.<br><strong>Tel.<\/strong>&nbsp;+39 06 6880 2323<\/p>\n\n\n\n<hr class=\"wp-block-separator has-css-opacity is-style-wide\"\/>\n\n\n\n<figure class=\"wp-block-image size-large\"><img loading=\"lazy\" decoding=\"async\" width=\"792\" height=\"294\" src=\"https:\/\/www.the-travel-bunny.com\/ro\/wp-content\/uploads\/sites\/2\/2021\/05\/roma-palatul-quirinal.jpg\" alt=\"roma palatul quirinal\" class=\"wp-image-269\" title=\"\" srcset=\"https:\/\/www.the-travel-bunny.com\/ro\/wp-content\/uploads\/sites\/2\/2021\/05\/roma-palatul-quirinal.jpg 792w, https:\/\/www.the-travel-bunny.com\/ro\/wp-content\/uploads\/sites\/2\/2021\/05\/roma-palatul-quirinal-300x111.jpg 300w, https:\/\/www.the-travel-bunny.com\/ro\/wp-content\/uploads\/sites\/2\/2021\/05\/roma-palatul-quirinal-768x285.jpg 768w\" sizes=\"auto, (max-width: 792px) 100vw, 792px\" \/><figcaption class=\"wp-element-caption\"><em>Vile \u0219i palate \u00een Roma: Palatul Quirinal. Fotografie de Franco Vannini din Sansepolcro (AR), Italia [<a href=\"https:\/\/creativecommons.org\/licenses\/by\/2.0\/\" target=\"_blank\" rel=\"noreferrer noopener nofollow\">CC BY 2.0<\/a>]<\/em><\/figcaption><\/figure>\n\n\n\n<h2 class=\"wp-block-heading\" id=\"palatul-quirinal\">Palatul Quirinal<\/h2>\n\n\n\n<p>Dealul Quirinal este cel mai mare dintre cele \u0219apte dealuri ale Romei.&nbsp;Este de fapt locul unde Sabinele au tr\u0103it \u00een primele zile ale Romei.&nbsp;Palatul Quirinal a fost construit aici \u00een anul 1574 ca re\u0219edin\u021b\u0103 de var\u0103 a Papei.&nbsp;\u00cen 1870, a devenit re\u0219edin\u021ba oficial\u0103 a regilor Italiei.&nbsp;Apoi, \u00een 1947, a devenit re\u0219edin\u021ba pre\u0219edin\u021bilor Italiei.<\/p>\n\n\n\n<br>\n\n\n\n<h3 class=\"wp-block-heading\" id=\"bilete-program-\u0219i-alte-informa\u021bii-utile-15\">Bilete, program \u0219i alte informa\u021bii utile<\/h3>\n\n\n\n<br>\n\n\n\n<h4 class=\"wp-block-heading\" id=\"program-de-vizitare-16\"><strong>Program de vizitare<\/strong><\/h4>\n\n\n\n<p>Palatul Quirinal este deschis mar\u021bi, miercuri, vineri, s\u00e2mb\u0103t\u0103 \u0219i duminic\u0103 \u00eentre orele 09:00 \u0219i 16:00.&nbsp;\u00cenchis luni \u0219i joi.<\/p>\n\n\n\n<br>\n\n\n\n<h4 class=\"wp-block-heading\" id=\"bilete-17\"><strong>Bilete<\/strong><\/h4>\n\n\n\n<p>Accesul la Palatul Quirinal cost\u0103 \u20ac1,50 pentru turul artistic-institu\u021bional sau \u20ac10,00 pentru <a href=\"https:\/\/www.the-travel-bunny.com\/ro\/2-zile-in-florenta-itinerariu\/\">Itinerariul<\/a> Tematic. Vizitele ghidate sunt disponibile doar \u00een limba italian\u0103 \u0219i e necesar\u0103 rezervarea cu cel pu\u021bin 5 zile \u00eenainte de vizitare.&nbsp;<a aria-label=\"Rezerv\u0103-\u021bi o vizit\u0103 aici (opens in a new tab)\" class=\"rank-math-link\" href=\"https:\/\/visite.quirinale.it\/QTicket\/\" target=\"_blank\" rel=\"noreferrer noopener\">Rezerv\u0103-\u021bi o vizit\u0103 aici<\/a>.<\/p>\n\n\n\n<p class=\"has-background\" style=\"background-color:#f5f5f5\"><strong><span style=\"text-decoration: underline;\">Palatul Quirinal<\/span><\/strong><br><strong>Adresa:<\/strong>&nbsp;Piazza del Quirinale, 00187 Roma RM, Italia |&nbsp;<a href=\"https:\/\/goo.gl\/maps\/sBrrCMk1VbP1GDsu9\" target=\"_blank\" aria-label=\" (opens in a new tab)\" rel=\"noreferrer noopener nofollow\" class=\"rank-math-link\">Vezi pe hart\u0103<\/a><br><strong>Transport public:<\/strong>&nbsp;Autobuzele 40, 60, 64, 70 \u0219i 170 opresc la c\u00e2\u021biva pa\u0219i de Palatul Quirinal.<br><strong>Tel.<\/strong>&nbsp;+39 06 46991<\/p>\n\n\n\n<hr class=\"wp-block-separator has-css-opacity is-style-wide\"\/>\n\n\n\n<figure class=\"wp-block-image size-large\"><img loading=\"lazy\" decoding=\"async\" width=\"792\" height=\"294\" src=\"https:\/\/www.the-travel-bunny.com\/ro\/wp-content\/uploads\/sites\/2\/2021\/05\/roma-palatul-cancelariei.jpg\" alt=\"roma palatul cancelariei\" class=\"wp-image-270\" title=\"\" srcset=\"https:\/\/www.the-travel-bunny.com\/ro\/wp-content\/uploads\/sites\/2\/2021\/05\/roma-palatul-cancelariei.jpg 792w, https:\/\/www.the-travel-bunny.com\/ro\/wp-content\/uploads\/sites\/2\/2021\/05\/roma-palatul-cancelariei-300x111.jpg 300w, https:\/\/www.the-travel-bunny.com\/ro\/wp-content\/uploads\/sites\/2\/2021\/05\/roma-palatul-cancelariei-768x285.jpg 768w\" sizes=\"auto, (max-width: 792px) 100vw, 792px\" \/><figcaption class=\"wp-element-caption\"><em>Vile \u0219i palate \u00een Roma: Palatul Cancelariei<\/em><\/figcaption><\/figure>\n\n\n\n<h2 class=\"wp-block-heading\" id=\"palatul-cancelariei\">Palatul Cancelariei<\/h2>\n\n\n\n<p>Construit la sf\u00e2r\u0219itul anilor 14000, Palatul Cancelariei este unul dintre cele mai fermec\u0103toare palate din Rena\u0219terea timpurie. C\u00e2ndva cancelaria papal\u0103, are o gr\u0103din\u0103 frumoas\u0103 \u0219i minunate monumente antice.<\/p>\n\n\n\n<br>\n\n\n\n<h3 class=\"wp-block-heading\" id=\"bilete-program-\u0219i-alte-informa\u021bii-utile-18\">Bilete, program \u0219i alte informa\u021bii utile<\/h3>\n\n\n\n<br>\n\n\n\n<h4 class=\"wp-block-heading\" id=\"program-de-vizitare-19\"><strong>Program de vizitare<\/strong><\/h4>\n\n\n\n<p>Palatul Cancelariei este deschis zilnic, \u00eentre 07:30 \u0219i 20:00.<\/p>\n\n\n\n<br>\n\n\n\n<h4 class=\"wp-block-heading\" id=\"bilete-20\"><strong>Bilete<\/strong><\/h4>\n\n\n\n<p>Un bilet de acces general cost\u0103 \u20ac9,00.<\/p>\n\n\n\n<p class=\"has-background\" style=\"background-color:#f5f5f5\"><strong><span style=\"text-decoration: underline;\">Palatul Cancelariei<\/span><\/strong><br><strong>Adresa:<\/strong>&nbsp;Piazza della Cancelleria, 1, 00186 Roma RM, Italia |&nbsp;<a href=\"https:\/\/goo.gl\/maps\/HCWXs8owo6uazWFV6\" target=\"_blank\" aria-label=\" (opens in a new tab)\" rel=\"noreferrer noopener nofollow\" class=\"rank-math-link\">Vezi pe hart\u0103<\/a><br><strong>Transport public:<\/strong>&nbsp;Autobuzele 46, 62, 64 \u0219i 916 au sta\u021bii aproape de Palatul Cancelariei.<br><strong>Tel.<\/strong>&nbsp;+39 06 6988 7566<\/p>\n\n\n\n<hr class=\"wp-block-separator has-css-opacity is-style-wide\"\/>\n\n\n\n<figure class=\"wp-block-image size-large\"><img loading=\"lazy\" decoding=\"async\" width=\"792\" height=\"294\" src=\"https:\/\/www.the-travel-bunny.com\/ro\/wp-content\/uploads\/sites\/2\/2021\/05\/roma-palatul-montecitorio.jpg\" alt=\"roma palatul montecitorio\" class=\"wp-image-271\" title=\"\" srcset=\"https:\/\/www.the-travel-bunny.com\/ro\/wp-content\/uploads\/sites\/2\/2021\/05\/roma-palatul-montecitorio.jpg 792w, https:\/\/www.the-travel-bunny.com\/ro\/wp-content\/uploads\/sites\/2\/2021\/05\/roma-palatul-montecitorio-300x111.jpg 300w, https:\/\/www.the-travel-bunny.com\/ro\/wp-content\/uploads\/sites\/2\/2021\/05\/roma-palatul-montecitorio-768x285.jpg 768w\" sizes=\"auto, (max-width: 792px) 100vw, 792px\" \/><figcaption class=\"wp-element-caption\"><em>Vile \u0219i palate \u00een Roma: Palatul Montecitorio. Fotografie de Geobia [<a href=\"https:\/\/creativecommons.org\/licenses\/by-sa\/3.0\/\" target=\"_blank\" rel=\"noreferrer noopener nofollow\">CC BY-SA 3.0<\/a>]<\/em><\/figcaption><\/figure>\n\n\n\n<h2 class=\"wp-block-heading\" id=\"palatul-montecitorio\">Palatul Montecitorio<\/h2>\n\n\n\n<p>Bernini a \u00eenceput s\u0103 lucreze la acest magnific palat baroc pentru cardinalul Ludovico Ludovisi, nepotul papei. C\u00e2nd cardinalul a murit, munca a \u00eencetat. \u00cen timpul papei Innocen\u021biu al XII-lea, Carlo Fontana a fost angajat pentru a termina Palatul Montecitorio.<\/p>\n\n\n\n<p>\u00cencep\u00e2nd din anul 1871, Palatul Montecitorio este sediul Camerei Deputa\u021bilor Italiei.<\/p>\n\n\n\n<br>\n\n\n\n<h3 class=\"wp-block-heading\" id=\"bilete-program-\u0219i-alte-informa\u021bii-utile-21\">Bilete, program \u0219i alte informa\u021bii utile<\/h3>\n\n\n\n<br>\n\n\n\n<h4 class=\"wp-block-heading\" id=\"program-de-vizitare-22\"><strong>Program de vizitare<\/strong><\/h4>\n\n\n\n<p>Palatul Montecitorio este deschis publicului \u00een prima duminic\u0103 a fiec\u0103rei luni.<\/p>\n\n\n\n<br>\n\n\n\n<h4 class=\"wp-block-heading\" id=\"bilete-23\"><strong>Bilete<\/strong><\/h4>\n\n\n\n<p>Intrarea la expozi\u021biile din interiorul Palatului Montecitorio este gratuit\u0103.<\/p>\n\n\n\n<p class=\"has-background\" style=\"background-color:#f5f5f5\"><strong><span style=\"text-decoration: underline;\">Palatul Montecitorio<\/span><\/strong><br><strong>Adresa:<\/strong>&nbsp;Piazza di Monte Citorio, 00186 Roma RM, Italia |&nbsp;<a href=\"https:\/\/goo.gl\/maps\/ZwMk69uEP29oPQLbA\" target=\"_blank\" aria-label=\" (opens in a new tab)\" rel=\"noreferrer noopener nofollow\" class=\"rank-math-link\">Vezi pe hart\u0103<\/a><br><strong>Transport public:<\/strong>&nbsp;Autobuzele 119 \u0219i 628 opresc aproape de Palatul Montecitorio.<br><strong>Tel.<\/strong>&nbsp;+39 06 67601<\/p>\n\n\n\n<hr class=\"wp-block-separator has-css-opacity is-style-wide\"\/>\n\n\n\n<figure class=\"wp-block-image size-large\"><img loading=\"lazy\" decoding=\"async\" width=\"792\" height=\"294\" src=\"https:\/\/www.the-travel-bunny.com\/ro\/wp-content\/uploads\/sites\/2\/2021\/05\/roma-palatul-farnese.jpg\" alt=\"roma palatul farnese\" class=\"wp-image-272\" title=\"\" srcset=\"https:\/\/www.the-travel-bunny.com\/ro\/wp-content\/uploads\/sites\/2\/2021\/05\/roma-palatul-farnese.jpg 792w, https:\/\/www.the-travel-bunny.com\/ro\/wp-content\/uploads\/sites\/2\/2021\/05\/roma-palatul-farnese-300x111.jpg 300w, https:\/\/www.the-travel-bunny.com\/ro\/wp-content\/uploads\/sites\/2\/2021\/05\/roma-palatul-farnese-768x285.jpg 768w\" sizes=\"auto, (max-width: 792px) 100vw, 792px\" \/><figcaption class=\"wp-element-caption\"><em>Vile \u0219i palate \u00een Roma: Palatul Farnese. Fotografie de Myrabella [<a href=\"https:\/\/creativecommons.org\/licenses\/by-sa\/3.0\/\" target=\"_blank\" rel=\"noreferrer noopener nofollow\">CC BY-SA 3.0<\/a>]<\/em><\/figcaption><\/figure>\n\n\n\n<h2 class=\"wp-block-heading\" id=\"palatul-farnese\">Palatul Farnese<\/h2>\n\n\n\n<p>Comandat de Alessandro Farnese (papa Paul al III-lea) \u00een 1517, Palatul Farnese este unul dintre cele mai mari din Roma.&nbsp;Construit \u00een stil renascentist, este opera lui Michelangelo \u0219i a lui Antonio da Sangallo the Younger.<\/p>\n\n\n\n<p>Ast\u0103zi, Palatul Farnese g\u0103zduie\u0219te Ambasada Fran\u021bei la Roma.<\/p>\n\n\n\n<br>\n\n\n\n<h3 class=\"wp-block-heading\" id=\"bilete-program-\u0219i-alte-informa\u021bii-utile-24\">Bilete, program \u0219i alte informa\u021bii utile<\/h3>\n\n\n\n<br>\n\n\n\n<h4 class=\"wp-block-heading\" id=\"program-de-vizitare-25\"><strong>Program de vizitare<\/strong><\/h4>\n\n\n\n<p>Palatul Farnese poate fi vizitat \u00een zilele de luni, miercuri \u0219i vineri.<\/p>\n\n\n\n<br>\n\n\n\n<h4 class=\"wp-block-heading\" id=\"bilete-26\"><strong>Bilete<\/strong><\/h4>\n\n\n\n<p>Un bilet de acces general cost\u0103 \u20ac11,00.&nbsp;Trebuie s\u0103&nbsp;\u00ee\u021bi <a href=\"https:\/\/www.the-travel-bunny.com\/ro\/vacante-ieftine-in-croaziere\/\">rezervi<\/a> vizita cu&nbsp;cel pu\u021bin o s\u0103pt\u0103m\u00e2n\u0103 \u00eenainte.<br>Copiii sub 10 ani nu pot vizita Palatul Farnese.<\/p>\n\n\n\n<p class=\"has-background\" style=\"background-color:#f5f5f5\"><strong><span style=\"text-decoration: underline;\">Palatul Farnese<\/span><\/strong><br><strong>Adresa:<\/strong>&nbsp;Piazza Farnese, 67, 00100 Roma RM, Italia |&nbsp;<a href=\"https:\/\/goo.gl\/maps\/tZRaYsAdR5mmZfCf6\" target=\"_blank\" aria-label=\" (opens in a new tab)\" rel=\"noreferrer noopener nofollow\" class=\"rank-math-link\">Vezi pe hart\u0103<\/a><br><strong>Transport public:<\/strong>&nbsp;Autobuzele 23 \u0219i 180 opresc aproape de Palatul Farnese.<br><strong>Tel.<\/strong>&nbsp;+39 06 0606 0884<\/p>\n\n\n\n<hr class=\"wp-block-separator has-css-opacity is-style-wide\"\/>\n\n\n\n<figure class=\"wp-block-image size-large\"><img loading=\"lazy\" decoding=\"async\" width=\"792\" height=\"294\" src=\"https:\/\/www.the-travel-bunny.com\/ro\/wp-content\/uploads\/sites\/2\/2021\/05\/roma-palatul-madama.jpg\" alt=\"roma palatul madama\" class=\"wp-image-273\" title=\"\" srcset=\"https:\/\/www.the-travel-bunny.com\/ro\/wp-content\/uploads\/sites\/2\/2021\/05\/roma-palatul-madama.jpg 792w, https:\/\/www.the-travel-bunny.com\/ro\/wp-content\/uploads\/sites\/2\/2021\/05\/roma-palatul-madama-300x111.jpg 300w, https:\/\/www.the-travel-bunny.com\/ro\/wp-content\/uploads\/sites\/2\/2021\/05\/roma-palatul-madama-768x285.jpg 768w\" sizes=\"auto, (max-width: 792px) 100vw, 792px\" \/><figcaption class=\"wp-element-caption\"><em>Vile \u0219i palate \u00een Roma: Palatul Madama. Fotografie de Paul Hermans [<a href=\"https:\/\/creativecommons.org\/licenses\/by-sa\/3.0\/\" target=\"_blank\" rel=\"noreferrer noopener nofollow\">CC BY-SA 3.0<\/a>]<\/em><\/figcaption><\/figure>\n\n\n\n<h2 class=\"wp-block-heading\" id=\"palatul-madama\">Palatul Madama<\/h2>\n\n\n\n<p>Palatul Madama \u00een stil renascentist a fost fondat \u00een secolul al XVI-lea.&nbsp;A apar\u021binut papei Leon X, din familia Medici.&nbsp;Fa\u021bada baroc\u0103 din c\u0103r\u0103mid\u0103 \u0219i marmura din jurul ferestrelor au fost ad\u0103ugate \u00een secolul al XVII-lea.<\/p>\n\n\n\n<p>Din 1870, Palatul Madama este sediul Camerei Senatului din Italia.<\/p>\n\n\n\n<br>\n\n\n\n<h3 class=\"wp-block-heading\" id=\"bilete-program-\u0219i-alte-informa\u021bii-utile-27\">Bilete, program \u0219i alte informa\u021bii utile<\/h3>\n\n\n\n<br>\n\n\n\n<h4 class=\"wp-block-heading\" id=\"program-de-vizitare-28\"><strong>Program de vizitare<\/strong><\/h4>\n\n\n\n<p>Palatul Madama este deschis publicului \u00een prima s\u00e2mb\u0103t\u0103 a fiec\u0103rei luni, \u00eentre orele 13:30 \u0219i 18:00.<\/p>\n\n\n\n<br>\n\n\n\n<h4 class=\"wp-block-heading\" id=\"bilete-29\"><strong>Bilete<\/strong><\/h4>\n\n\n\n<p>Accesul pentru a vizita Palatul Madama este gratuit.&nbsp;Cu toate acestea, \u00een ziua vizitei, trebuie s\u0103 ridici biletul \u00een avans, de la Pia\u021ba Madama Nr. 11, dup\u0103 ora 11.00.<\/p>\n\n\n\n<p class=\"has-background\" style=\"background-color:#f5f5f5\"><strong><span style=\"text-decoration: underline;\">Palatul Madama<\/span><\/strong><br><strong>Adresa:<\/strong>&nbsp;Piazza Madama, 00186 Roma RM, Italia |&nbsp;<a href=\"https:\/\/goo.gl\/maps\/7LJ7vV3nQK5Qzkvk7\" target=\"_blank\" aria-label=\" (opens in a new tab)\" rel=\"noreferrer noopener nofollow\" class=\"rank-math-link\">Vezi pe hart\u0103<\/a><br><strong>Transport public:<\/strong>&nbsp;Autobuzele 30, 70, 81, 87, 492 \u0219i 628 opresc aproape de Palatul Madama.<br><strong>Tel.<\/strong>&nbsp;+39 06 67061<\/p>\n\n\n\n<hr class=\"wp-block-separator has-css-opacity is-style-wide\"\/>\n\n\n\n<figure class=\"wp-block-image size-large\"><img loading=\"lazy\" decoding=\"async\" width=\"792\" height=\"294\" src=\"https:\/\/www.the-travel-bunny.com\/ro\/wp-content\/uploads\/sites\/2\/2021\/05\/roma-palatul-massimo-la-coloane.jpg\" alt=\"roma palatul massimo la coloane\" class=\"wp-image-274\" title=\"\" srcset=\"https:\/\/www.the-travel-bunny.com\/ro\/wp-content\/uploads\/sites\/2\/2021\/05\/roma-palatul-massimo-la-coloane.jpg 792w, https:\/\/www.the-travel-bunny.com\/ro\/wp-content\/uploads\/sites\/2\/2021\/05\/roma-palatul-massimo-la-coloane-300x111.jpg 300w, https:\/\/www.the-travel-bunny.com\/ro\/wp-content\/uploads\/sites\/2\/2021\/05\/roma-palatul-massimo-la-coloane-768x285.jpg 768w\" sizes=\"auto, (max-width: 792px) 100vw, 792px\" \/><figcaption class=\"wp-element-caption\"><em>Vile \u0219i palate \u00een Roma: Palatul Massimo la Coloane<\/em><\/figcaption><\/figure>\n\n\n\n<h2 class=\"wp-block-heading\" id=\"palatul-massimo-la-coloane\">Palatul Massimo la Coloane<\/h2>\n\n\n\n<p>Palatul Massimo la Coloane este capodopera secolului al XVI-lea a arhitectului Baldassare Perruzi.&nbsp;Construc\u021bia marcheaz\u0103 trecerea de la arhitectura roman\u0103 din Rena\u0219tere la experimentele dramatice care duc la stilul baroc.<\/p>\n\n\n\n<p>Fa\u021bada curbat\u0103 a Palatului Massimo la Coloane respect\u0103 standardele neoclasice \u0219i men\u021bine forma funda\u021biei vechiului Teatru Domi\u021bian.&nbsp;Pe partea str\u0103zii, coloanele aten\u021bia trec\u0103torilor, \u00een timp ce cealalt\u0103 fa\u021bad\u0103 este decorat\u0103 cu fresce monocrome.<\/p>\n\n\n\n<br>\n\n\n\n<h3 class=\"wp-block-heading\" id=\"bilete-program-\u0219i-alte-informa\u021bii-utile-30\">Bilete, program \u0219i alte informa\u021bii utile<\/h3>\n\n\n\n<br>\n\n\n\n<h4 class=\"wp-block-heading\" id=\"program-de-vizitare-31\"><strong>Program de vizitare<\/strong><\/h4>\n\n\n\n<p>Palatul Massimo la Coloane este deschis publicului doar pe 16 martie, \u00een fiecare an, \u00eentre orele 07:00 \u0219i 13:00.<\/p>\n\n\n\n<p class=\"has-background\" style=\"background-color:#f5f5f5\"><strong><span style=\"text-decoration: underline;\">Palatul Massimo la Coloane<\/span><\/strong><br><strong>Adresa:<\/strong>&nbsp;Corso Vittorio Emanuele II, 141, 00186 Roma RM, Italia |&nbsp;<a href=\"https:\/\/goo.gl\/maps\/9epTqLpjz29DzEzQA\" target=\"_blank\" aria-label=\" (opens in a new tab)\" rel=\"noreferrer noopener nofollow\" class=\"rank-math-link\">Vezi pe hart\u0103<\/a><br><strong>Transport public:<\/strong>&nbsp;Autobuzele 40, 46, 62 \u0219i 64 te pot duce l\u00e2ng\u0103 Palatul Massimo la Coloane.<\/p>\n\n\n\n<hr class=\"wp-block-separator has-css-opacity is-style-wide\"\/>\n\n\n\n<figure class=\"wp-block-image size-large\"><img loading=\"lazy\" decoding=\"async\" width=\"792\" height=\"294\" src=\"https:\/\/www.the-travel-bunny.com\/ro\/wp-content\/uploads\/sites\/2\/2021\/05\/roma-palatul-massimo-de-la-terme.jpg\" alt=\"roma palatul massimo de la terme\" class=\"wp-image-275\" title=\"\" srcset=\"https:\/\/www.the-travel-bunny.com\/ro\/wp-content\/uploads\/sites\/2\/2021\/05\/roma-palatul-massimo-de-la-terme.jpg 792w, https:\/\/www.the-travel-bunny.com\/ro\/wp-content\/uploads\/sites\/2\/2021\/05\/roma-palatul-massimo-de-la-terme-300x111.jpg 300w, https:\/\/www.the-travel-bunny.com\/ro\/wp-content\/uploads\/sites\/2\/2021\/05\/roma-palatul-massimo-de-la-terme-768x285.jpg 768w\" sizes=\"auto, (max-width: 792px) 100vw, 792px\" \/><figcaption class=\"wp-element-caption\"><em>Vile \u0219i palate \u00een Roma: Palatul Massimo de la Terme<\/em><\/figcaption><\/figure>\n\n\n\n<h2 class=\"wp-block-heading\" id=\"palatul-massimo-de-la-terme\">Palatul Massimo de la Terme<\/h2>\n\n\n\n<p>Acest palat neorenascentist din secolul al XIX-lea g\u0103zduie\u0219te una dintre cele mai importante colec\u021bii de art\u0103 antic\u0103 din lume.&nbsp;Palatul Massimo de la Terme este de fapt una dintre cele patru cl\u0103diri care formeaz\u0103&nbsp;Muzeul Na\u021bional Roman.&nbsp;G\u0103zduie\u0219te sculpturi, fresce, mozaicuri, monede \u0219i bijuterii din aur.<\/p>\n\n\n\n<br>\n\n\n\n<h3 class=\"wp-block-heading\" id=\"bilete-program-\u0219i-alte-informa\u021bii-utile-32\">Bilete, program \u0219i alte informa\u021bii utile<\/h3>\n\n\n\n<br>\n\n\n\n<h4 class=\"wp-block-heading\" id=\"program-de-vizitare-33\"><strong>Program de vizitare<\/strong><\/h4>\n\n\n\n<p>Palatul Massimo de la Terme este deschis de mar\u021bi p\u00e2n\u0103 duminic\u0103, \u00eentre 09:00 \u0219i 19:45.&nbsp;\u00cenchis luni.<\/p>\n\n\n\n<br>\n\n\n\n<h4 class=\"wp-block-heading\" id=\"bilete-34\"><strong>Bilete<\/strong><\/h4>\n\n\n\n<p>Un bilet de acces general \u00een toate loca\u021biile cost\u0103 \u20ac12,00.<\/p>\n\n\n\n<p class=\"has-background\" style=\"background-color:#fffaec\">Biletul pentru Palatul Massimo de la Terme este valabil \u0219i pentru&nbsp;Palatul Altemps,&nbsp;B\u0103ile lui Diocle\u021bian&nbsp;\u0219i Crypta Balbi.<\/p>\n\n\n\n<p class=\"has-background\" style=\"background-color:#f5f5f5\"><strong><span style=\"text-decoration: underline;\">Palatul Massimo de la Terme<\/span><\/strong><br><strong>Adresa:<\/strong>&nbsp;Largo di Villa Peretti, 2, 00185 Roma RM, Italia |&nbsp;<a aria-label=\" (opens in a new tab)\" rel=\"noreferrer noopener nofollow\" href=\"https:\/\/goo.gl\/maps\/QMYiwqAzUSjj6rNc7\" target=\"_blank\" class=\"rank-math-link\">Vezi pe hart\u0103<\/a><br><strong>Transport public:<\/strong>&nbsp;Autobuzele 64, 70, 82, 85, 90, 170 \u0219i 590 au sta\u021bii l\u00e2ng\u0103 Palatul Massimo de la Terme.&nbsp;Sta\u021bia de metrou Termini este, de asemenea, la distan\u021b\u0103 de mers pe jos dac\u0103 iei metroul pe liniile A sau B.<br><strong>Tel.<\/strong>&nbsp;+39 06 480201<\/p>\n\n\n\n<hr class=\"wp-block-separator has-css-opacity is-style-wide\"\/>\n\n\n\n<figure class=\"wp-block-image size-large\"><img loading=\"lazy\" decoding=\"async\" width=\"792\" height=\"294\" src=\"https:\/\/www.the-travel-bunny.com\/ro\/wp-content\/uploads\/sites\/2\/2021\/05\/roma-palatul-doria-pamphilj.jpg\" alt=\"roma palatul doria pamphilj\" class=\"wp-image-276\" title=\"\" srcset=\"https:\/\/www.the-travel-bunny.com\/ro\/wp-content\/uploads\/sites\/2\/2021\/05\/roma-palatul-doria-pamphilj.jpg 792w, https:\/\/www.the-travel-bunny.com\/ro\/wp-content\/uploads\/sites\/2\/2021\/05\/roma-palatul-doria-pamphilj-300x111.jpg 300w, https:\/\/www.the-travel-bunny.com\/ro\/wp-content\/uploads\/sites\/2\/2021\/05\/roma-palatul-doria-pamphilj-768x285.jpg 768w\" sizes=\"auto, (max-width: 792px) 100vw, 792px\" \/><figcaption class=\"wp-element-caption\"><em>Vile \u0219i palate \u00een Roma: Plafonul cu simbolul familiei Doria Pamphilj. Fotografie de Livioandronico2013 [<a href=\"https:\/\/creativecommons.org\/licenses\/by-sa\/4.0\/\" target=\"_blank\" rel=\"noreferrer noopener nofollow\">CC BY-SA 4.0<\/a>]<\/em><\/figcaption><\/figure>\n\n\n\n<h2 class=\"wp-block-heading\" id=\"palatul-pamphilj\">Palatul Pamphilj<\/h2>\n\n\n\n<p>Construit \u00eentre 1791 \u0219i 1811, Palatul Pamphilj este ultimul palat realizat pentru familia papal\u0103.&nbsp;Pentru a armoniza palatul cu pia\u021ba din apropiere, Cosimo Morelli a folosit decora\u021biuni renascentiste.<\/p>\n\n\n\n<br>\n\n\n\n<h3 class=\"wp-block-heading\" id=\"bilete-program-\u0219i-alte-informa\u021bii-utile-35\">Bilete, program \u0219i alte informa\u021bii utile<\/h3>\n\n\n\n<br>\n\n\n\n<h4 class=\"wp-block-heading\" id=\"program-de-vizitare-36\"><strong>Program de vizitare<\/strong><\/h4>\n\n\n\n<p>Palatul Pamphilj este deschis zilnic, \u00eentre 09:00 \u0219i 19:00.<\/p>\n\n\n\n<br>\n\n\n\n<h4 class=\"wp-block-heading\" id=\"bilete-37\"><strong>Bilete<\/strong><\/h4>\n\n\n\n<p>Un bilet de acces general cost\u0103 \u20ac12,00.<\/p>\n\n\n\n<p><strong>Biletele reduse<\/strong>&nbsp;cost\u0103 \u20ac8,00 \u0219i sunt disponibile pentru vizitatorii cu v\u00e2rste \u00eentre 6 \u0219i 26 de ani.<\/p>\n\n\n\n<p><strong>Accesul gratuit<\/strong>&nbsp;este oferit copiilor sub 6 ani.<\/p>\n\n\n\n<p class=\"has-background\" style=\"background-color:#f5f5f5\"><strong><span style=\"text-decoration: underline;\">Palatul Pamphilj<\/span><\/strong><br><strong>Adresa:<\/strong>&nbsp;Piazza Navona, 14, 00186 Roma RM, Italia |&nbsp;<a href=\"https:\/\/goo.gl\/maps\/uxuK69YLsAVsKGUn7\" target=\"_blank\" aria-label=\" (opens in a new tab)\" rel=\"noreferrer noopener nofollow\" class=\"rank-math-link\">Vezi pe hart\u0103<\/a><br><strong>Transport public:<\/strong>&nbsp;Autobuzele 30, 70, 81, 87, 492 \u0219i 628 opresc \u00een vecin\u0103tatea Palatului Pamphilj.<br><strong>Tel.<\/strong>&nbsp;+39 06 679 7323<\/p>\n\n\n\n<hr class=\"wp-block-separator has-css-opacity is-style-wide\"\/>\n\n\n\n<figure class=\"wp-block-image size-large\"><img loading=\"lazy\" decoding=\"async\" width=\"792\" height=\"294\" src=\"https:\/\/www.the-travel-bunny.com\/ro\/wp-content\/uploads\/sites\/2\/2021\/05\/roma-palatul-spada.jpg\" alt=\"roma palatul spada\" class=\"wp-image-277\" title=\"\" srcset=\"https:\/\/www.the-travel-bunny.com\/ro\/wp-content\/uploads\/sites\/2\/2021\/05\/roma-palatul-spada.jpg 792w, https:\/\/www.the-travel-bunny.com\/ro\/wp-content\/uploads\/sites\/2\/2021\/05\/roma-palatul-spada-300x111.jpg 300w, https:\/\/www.the-travel-bunny.com\/ro\/wp-content\/uploads\/sites\/2\/2021\/05\/roma-palatul-spada-768x285.jpg 768w\" sizes=\"auto, (max-width: 792px) 100vw, 792px\" \/><figcaption class=\"wp-element-caption\"><em>Vile \u0219i palate \u00een Roma: Palatul Spada. Fotografie de Sonse [<a href=\"https:\/\/creativecommons.org\/licenses\/by\/2.0\/\" target=\"_blank\" rel=\"noreferrer noopener nofollow\">CC BY 2.0<\/a>]<\/em><\/figcaption><\/figure>\n\n\n\n<h2 class=\"wp-block-heading\" id=\"palatul-spada\">Palatul Spada<\/h2>\n\n\n\n<p>Cu fa\u021bade renascentiste bogat ornamentate, Palatul Spada este un simbol al trecutului glorios din Ora\u0219ul Etern.<\/p>\n\n\n\n<p>\u00cen secolul al XVII-lea, a fost casa a doi fra\u021bi, Bernardino \u0219i Virginio Spada.&nbsp;Ast\u0103zi, Palatul Spada g\u0103zduie\u0219te Consiliul de Stat \u0219i o galerie de art\u0103 cu o colec\u021bie impresionant\u0103.&nbsp;Curtea interioar\u0103 este uimitoare, decorat\u0103 cureprezent\u0103ri ale zeilor \u0219i zei\u021belor de pe Muntele Olimp.<\/p>\n\n\n\n<br>\n\n\n\n<h3 class=\"wp-block-heading\" id=\"bilete-program-\u0219i-alte-informa\u021bii-utile-38\">Bilete, program \u0219i alte informa\u021bii utile<\/h3>\n\n\n\n<br>\n\n\n\n<h4 class=\"wp-block-heading\" id=\"program-de-vizitare-39\"><strong>Program de vizitare<\/strong><\/h4>\n\n\n\n<p>Palatul Spada este deschis de mar\u021bi p\u00e2n\u0103 duminic\u0103, \u00eentre orele 08:30 \u0219i 19:30.<\/p>\n\n\n\n<br>\n\n\n\n<h4 class=\"wp-block-heading\" id=\"bilete-40\"><strong>Bilete<\/strong><\/h4>\n\n\n\n<p>Un bilet de acces general cost\u0103 \u20ac5,00.<\/p>\n\n\n\n<p><strong>Biletele reduse<\/strong>&nbsp;cost\u0103 \u20ac2,00 \u0219i sunt disponibile pentru cet\u0103\u021benii UE cu v\u00e2rste cuprinse \u00eentre 18 \u0219i 25 de ani.<\/p>\n\n\n\n<p><strong>Accesul gratuit<\/strong>&nbsp;este oferit copiilor sub 18 ani \u0219i vizitatorilor cu v\u00e2rste peste 65 de ani.<\/p>\n\n\n\n<p class=\"has-background\" style=\"background-color:#f5f5f5\"><strong><span style=\"text-decoration: underline;\">Palatul Spada<\/span><\/strong><br><strong>Adresa<\/strong>: Piazza Capo di Ferro, 13, 00186 Roma RM, Italia |&nbsp;<a aria-label=\" (opens in a new tab)\" rel=\"noreferrer noopener nofollow\" href=\"https:\/\/goo.gl\/maps\/kC6fuSEW9iUKRJ3C6\" target=\"_blank\" class=\"rank-math-link\">Vezi pe hart\u0103<\/a><br><strong>Transport public<\/strong>: Autobuzele 46, 56, 62, 64, 70, 81, 87, 492 \u0219i 628 te pot l\u0103sa \u00een apropiere de Galeria Spada.<br><strong>Tel.<\/strong>&nbsp;+39 06 683 2409<\/p>\n\n\n\n<hr class=\"wp-block-separator has-css-opacity is-style-wide\"\/>\n\n\n\n<figure class=\"wp-block-image size-large\"><img loading=\"lazy\" decoding=\"async\" width=\"792\" height=\"294\" src=\"https:\/\/www.the-travel-bunny.com\/ro\/wp-content\/uploads\/sites\/2\/2021\/05\/roma-palatul-venetia.jpg\" alt=\"roma palatul venetia\" class=\"wp-image-278\" title=\"\" srcset=\"https:\/\/www.the-travel-bunny.com\/ro\/wp-content\/uploads\/sites\/2\/2021\/05\/roma-palatul-venetia.jpg 792w, https:\/\/www.the-travel-bunny.com\/ro\/wp-content\/uploads\/sites\/2\/2021\/05\/roma-palatul-venetia-300x111.jpg 300w, https:\/\/www.the-travel-bunny.com\/ro\/wp-content\/uploads\/sites\/2\/2021\/05\/roma-palatul-venetia-768x285.jpg 768w\" sizes=\"auto, (max-width: 792px) 100vw, 792px\" \/><figcaption class=\"wp-element-caption\"><em>Vile \u0219i palate \u00een Roma: Palatul Vene\u021bia. Fotografie de Gobbler [<a href=\"https:\/\/creativecommons.org\/licenses\/by-sa\/3.0\/\" target=\"_blank\" rel=\"noreferrer noopener nofollow\">CC BY-SA 3.0<\/a>]<\/em><\/figcaption><\/figure>\n\n\n\n<h2 class=\"wp-block-heading\" id=\"palatul-vene\u021bia\">Palatul Vene\u021bia<\/h2>\n\n\n\n<p>Realizat \u00eentre 1455 \u0219i 1464 de un arhitect florentin pentru cardinalul vene\u021bian Pietro Barbo, Palatul Vene\u021bia este primul mare palat renascentist din Roma.&nbsp;Are o curte frumoas\u0103, cu o <a href=\"https:\/\/www.the-travel-bunny.com\/ro\/ghiduri-de-calatorie\/roma-ghid-turistic\/fantani-din-roma\/\">f\u00e2nt\u00e2n\u0103<\/a> din secolul al XVIII-lea, \u00eenconjurat\u0103 de palmieri.<\/p>\n\n\n\n<br>\n\n\n\n<h3 class=\"wp-block-heading\" id=\"bilete-program-\u0219i-alte-informa\u021bii-utile-41\">Bilete, program \u0219i alte informa\u021bii utile<\/h3>\n\n\n\n<br>\n\n\n\n<h4 class=\"wp-block-heading\" id=\"program-de-vizitare-42\"><strong>Program de vizitare<\/strong><\/h4>\n\n\n\n<p>Palatul Vene\u021bia este deschis de mar\u021bi p\u00e2n\u0103 duminic\u0103, \u00eentre 08:30 \u0219i 19:30.&nbsp;\u00cenchis luni.<\/p>\n\n\n\n<br>\n\n\n\n<h4 class=\"wp-block-heading\" id=\"bilete-43\"><strong>Bilete<\/strong><\/h4>\n\n\n\n<p>Un bilet de acces general cost\u0103 \u20ac10,00.<\/p>\n\n\n\n<p><strong>Biletele reduse<\/strong>&nbsp;cost\u0103 \u20ac2,00 \u0219i sunt disponibile pentru cet\u0103\u021benii UE cu v\u00e2rste cuprinse \u00eentre 18 \u0219i 25 de ani.<\/p>\n\n\n\n<p><strong>Accesul gratuit<\/strong>&nbsp;este oferit cet\u0103\u021benilor UE sub 18 ani.<\/p>\n\n\n\n<p class=\"has-background\" style=\"background-color:#f5f5f5\"><strong><span style=\"text-decoration: underline;\">Palatul Vene\u021bia<\/span><\/strong><br><strong>Adresa:<\/strong>&nbsp;Piazza di S. Marco, 49, 00186 Roma RM, Italia |&nbsp;<a href=\"https:\/\/goo.gl\/maps\/iHMQwfMdJTVoDa3B9\" target=\"_blank\" aria-label=\" (opens in a new tab)\" rel=\"noreferrer noopener nofollow\" class=\"rank-math-link\">Vezi pe hart\u0103<\/a><br><strong>Transport public:<\/strong>&nbsp;Tramvaiul 8 \u0219i autobuzele 30, 46, 62, 64, 70, 81, 87 \u0219i 119 au sta\u021bii \u00een apropiere de Palatul Vene\u021bia.<br><strong>Tel.<\/strong>&nbsp;+39 06 6999 4284<\/p>\n\n\n\n<hr class=\"wp-block-separator has-css-opacity is-style-wide\"\/>\n\n\n\n<figure class=\"wp-block-image size-large\"><img loading=\"lazy\" decoding=\"async\" width=\"792\" height=\"294\" src=\"https:\/\/www.the-travel-bunny.com\/ro\/wp-content\/uploads\/sites\/2\/2021\/05\/roma-palatul-zuccari.jpg\" alt=\"roma palatul zuccari\" class=\"wp-image-279\" title=\"\" srcset=\"https:\/\/www.the-travel-bunny.com\/ro\/wp-content\/uploads\/sites\/2\/2021\/05\/roma-palatul-zuccari.jpg 792w, https:\/\/www.the-travel-bunny.com\/ro\/wp-content\/uploads\/sites\/2\/2021\/05\/roma-palatul-zuccari-300x111.jpg 300w, https:\/\/www.the-travel-bunny.com\/ro\/wp-content\/uploads\/sites\/2\/2021\/05\/roma-palatul-zuccari-768x285.jpg 768w\" sizes=\"auto, (max-width: 792px) 100vw, 792px\" \/><figcaption class=\"wp-element-caption\"><em>Vile \u0219i palate \u00een Roma: Palatul Zuccari. Fotografie de Sailko [<a href=\"https:\/\/creativecommons.org\/licenses\/by-sa\/3.0\/\" target=\"_blank\" rel=\"noreferrer noopener nofollow\">CC BY-SA 3.0<\/a>]<\/em><\/figcaption><\/figure>\n\n\n\n<h2 class=\"wp-block-heading\" id=\"palatul-zuccari\">Palatul Zuccari<\/h2>\n\n\n\n<p>Aceast\u0103 cl\u0103dire fantastic\u0103 a fost atelierul din secolului al XVI-lea al pictorilor Tadeo \u0219i Federico Zuccari.&nbsp;\u00cel pute\u021bi observa cu u\u0219urin\u021b\u0103 datorit\u0103 t\u00e2mpl\u0103riei ferestrelor sale, care le face s\u0103 par\u0103 guri url\u00e2nd.<\/p>\n\n\n\n<br>\n\n\n\n<h3 class=\"wp-block-heading\" id=\"bilete-program-\u0219i-alte-informa\u021bii-utile-44\">Bilete, program \u0219i alte informa\u021bii utile<\/h3>\n\n\n\n<br>\n\n\n\n<h4 class=\"wp-block-heading\" id=\"program-de-vizitare-45\"><strong>Program de vizitare<\/strong><\/h4>\n\n\n\n<p>Palatul Zuccari este \u00een mod normal \u00eenchis publicului larg, dar tururi organizate au loc \u00een fiecare dou\u0103 luni.<\/p>\n\n\n\n<br>\n\n\n\n<h4 class=\"wp-block-heading\" id=\"bilete-46\"><strong>Bilete<\/strong><\/h4>\n\n\n\n<p>Accesul \u00een Palatul Zuccari este gratuit, dar&nbsp;<a href=\"https:\/\/www.biblhertz.it\/en\/guided-tours\" target=\"_blank\" aria-label=\" (opens in a new tab)\" rel=\"noreferrer noopener nofollow\" class=\"rank-math-link\">trebuie rezervat \u00een prealabil aici<\/a>.<\/p>\n\n\n\n<p class=\"has-background\" style=\"background-color:#f5f5f5\"><strong><span style=\"text-decoration: underline;\">Palatul Zuccari<\/span><\/strong><br><strong>Adresa:<\/strong>&nbsp;Via Gregoriana, 28, 00187 Roma RM, Italia |&nbsp;<a href=\"https:\/\/goo.gl\/maps\/qzXqabscJLRuHFQK8\" target=\"_blank\" aria-label=\" (opens in a new tab)\" rel=\"noreferrer noopener nofollow\" class=\"rank-math-link\">Vezi pe hart\u0103<\/a><br><strong>Transport public:<\/strong>&nbsp;Sta\u021bia de metrou Spania este cea mai apropiat\u0103 de Palatul Zuccari.<br><strong>Tel.<\/strong>&nbsp;+39 06 6999 3201<\/p>\n\n\n\n<hr class=\"wp-block-separator has-css-opacity is-style-wide\"\/>\n\n\n\n<figure class=\"wp-block-image size-large\"><img loading=\"lazy\" decoding=\"async\" width=\"792\" height=\"294\" src=\"https:\/\/www.the-travel-bunny.com\/ro\/wp-content\/uploads\/sites\/2\/2021\/05\/roma-vila-giulia.jpg\" alt=\"roma vila giulia\" class=\"wp-image-280\" title=\"\" srcset=\"https:\/\/www.the-travel-bunny.com\/ro\/wp-content\/uploads\/sites\/2\/2021\/05\/roma-vila-giulia.jpg 792w, https:\/\/www.the-travel-bunny.com\/ro\/wp-content\/uploads\/sites\/2\/2021\/05\/roma-vila-giulia-300x111.jpg 300w, https:\/\/www.the-travel-bunny.com\/ro\/wp-content\/uploads\/sites\/2\/2021\/05\/roma-vila-giulia-768x285.jpg 768w\" sizes=\"auto, (max-width: 792px) 100vw, 792px\" \/><figcaption class=\"wp-element-caption\"><em>Vile \u0219i palate \u00een Roma: Vila Giulia. Fotografie de Sailko [<a href=\"https:\/\/creativecommons.org\/licenses\/by-sa\/4.0\/\" target=\"_blank\" rel=\"noreferrer noopener nofollow\">CC BY-SA 4.0<\/a>]<\/em><\/figcaption><\/figure>\n\n\n\n<h2 class=\"wp-block-heading\" id=\"vila-giulia\">Vila Giulia<\/h2>\n\n\n\n<p>Conceput\u0103 de Vignola, Ammannati \u0219i Vasari, Vila Giulia a fost o minune a secolului al XVI-lea.&nbsp;A fost refugiul escapadelor papei Julius al III-lea \u0219i unde \u0219i-a p\u0103strat colec\u021bia de statui clasice.&nbsp;Vila Giulia ad\u0103poste\u0219te de fapt cea mai important\u0103 colec\u021bie etrusc\u0103 din Roma.<\/p>\n\n\n\n<br>\n\n\n\n<h3 class=\"wp-block-heading\" id=\"bilete-program-\u0219i-alte-informa\u021bii-utile-47\">Bilete, program \u0219i alte informa\u021bii utile<\/h3>\n\n\n\n<br>\n\n\n\n<h4 class=\"wp-block-heading\" id=\"program-de-vizitare-48\"><strong>Program de vizitare<\/strong><\/h4>\n\n\n\n<p>Vila Giulia este deschis\u0103 de mar\u021bi p\u00e2n\u0103 duminic\u0103, \u00eentre 09:00 \u0219i 20:00.&nbsp;\u00cenchis\u0103 lunea.<\/p>\n\n\n\n<br>\n\n\n\n<h4 class=\"wp-block-heading\" id=\"bilete-49\"><strong>Bilete<\/strong><\/h4>\n\n\n\n<p>Un bilet de acces general cost\u0103 \u20ac10,00.<\/p>\n\n\n\n<p><strong>Biletele reduse<\/strong>&nbsp;cost\u0103 \u20ac2,00 \u0219i sunt disponibile pentru cet\u0103\u021benii UE cu v\u00e2rste cuprinse \u00eentre 18 \u0219i 25 de ani.<\/p>\n\n\n\n<p><strong>Accesul gratuit<\/strong>&nbsp;este oferit vizitatorilor \u00een prima duminic\u0103 a fiec\u0103rei luni.<\/p>\n\n\n\n<p class=\"has-background\" style=\"background-color:#f5f5f5\"><span style=\"text-decoration: underline;\"><strong>Vila Giulia<\/strong><\/span><br><strong>Adresa:<\/strong>&nbsp;Piazzale di Villa Giulia 9, 00196 Roma RM, Italia |&nbsp;<a href=\"https:\/\/goo.gl\/maps\/VyCSgHBLKGAv6e5T7\" target=\"_blank\" aria-label=\" (opens in a new tab)\" rel=\"noreferrer noopener nofollow\" class=\"rank-math-link\">Vezi pe hart\u0103<\/a><br><strong>Transport public:<\/strong>&nbsp;Tramvaiele 2 \u0219i 19 opresc \u00een apropiere de Vila Giulia.<br><strong>Tel.<\/strong>&nbsp;+39 06 322 6571<\/p>\n\n\n\n<hr class=\"wp-block-separator has-css-opacity is-style-wide\"\/>\n\n\n\n<figure class=\"wp-block-image size-large\"><img loading=\"lazy\" decoding=\"async\" width=\"792\" height=\"294\" src=\"https:\/\/www.the-travel-bunny.com\/ro\/wp-content\/uploads\/sites\/2\/2021\/05\/roma-vila-farnesina.jpg\" alt=\"roma vila farnesina, una dintre cele mai faimoase vile din roma\" class=\"wp-image-281\" title=\"\" srcset=\"https:\/\/www.the-travel-bunny.com\/ro\/wp-content\/uploads\/sites\/2\/2021\/05\/roma-vila-farnesina.jpg 792w, https:\/\/www.the-travel-bunny.com\/ro\/wp-content\/uploads\/sites\/2\/2021\/05\/roma-vila-farnesina-300x111.jpg 300w, https:\/\/www.the-travel-bunny.com\/ro\/wp-content\/uploads\/sites\/2\/2021\/05\/roma-vila-farnesina-768x285.jpg 768w\" sizes=\"auto, (max-width: 792px) 100vw, 792px\" \/><figcaption class=\"wp-element-caption\"><em>Vile \u0219i palate \u00een Roma: Vila Farnesina<\/em><\/figcaption><\/figure>\n\n\n\n<h2 class=\"wp-block-heading\" id=\"vila-farnesina\">Vila Farnesina<\/h2>\n\n\n\n<p>Vila Fanesina este un edificiu frumos decorat de unii dintre cei mai renumi\u021bi arti\u0219ti renascentisti, printre care Peruzzi \u0219i Rafael.&nbsp;Construit\u0103 pentru bancherul Papei, Agostino Chigi, a fost c\u00e2ndva loca\u021bia petrecerilor legendare.<\/p>\n\n\n\n<p>\u00centr-una dintre camerele de la parter, tavanul este pictat de Peruzzi cu horoscopul lui Chigi.&nbsp;Aici, vei g\u0103si, de asemenea, scene din Metamorfozele lui Ovidius de Sebastiano del Piombo.<\/p>\n\n\n\n<p>\u00cen interiorul Vilei Farnesina exist\u0103 \u0219i desene pe pere\u021bi, realizate de solda\u021bii lui Carol al V-lea \u00een 1527. Ast\u0103zi, sunt considerate vandalism istoric, deci sunt protejate \u00een spatele unor geamuri de sticl\u0103.<\/p>\n\n\n\n<br>\n\n\n\n<h3 class=\"wp-block-heading\" id=\"bilete-program-\u0219i-alte-informa\u021bii-utile-50\">Bilete, program \u0219i alte informa\u021bii utile<\/h3>\n\n\n\n<br>\n\n\n\n<h4 class=\"wp-block-heading\" id=\"program-de-vizitare-51\"><strong>Program de vizitare<\/strong><\/h4>\n\n\n\n<p>Vila Farnesina este deschis\u0103 de miercuri p\u00e2n\u0103 luni, \u00eentre orele 10:00 \u0219i 19:00.&nbsp;\u00cenchis\u0103 mar\u021bea.<\/p>\n\n\n\n<br>\n\n\n\n<h4 class=\"wp-block-heading\" id=\"bilete-52\"><strong>Bilete<\/strong><\/h4>\n\n\n\n<p>Un bilet de acces general cost\u0103 \u20ac15,00 \u0219i vine cu un ghid audio.<\/p>\n\n\n\n<p><strong>Biletele reduse<\/strong>&nbsp;cost\u0103 \u20ac12,00, includ ghid audio \u0219i sunt disponibile pentru seniorii cu v\u00e2rste peste 65 de ani.&nbsp;Biletele reduse la \u20ac10,00, care includ ghid audio sunt destinate copiilor cu v\u00e2rste cuprinse \u00eentre 10 \u0219i 18 ani.<\/p>\n\n\n\n<p><strong>Accesul gratuit<\/strong>&nbsp;f\u0103r\u0103 ghid audio este oferit copiilor sub 10 ani \u0219i vizitatorilor cu dizabilit\u0103\u021bi.<\/p>\n\n\n\n<p class=\"has-background\" style=\"background-color:#f5f5f5\"><strong><span style=\"text-decoration: underline;\">Vila Farnesina<\/span><\/strong><br><strong>Adresa:<\/strong>&nbsp;Via della Lungara, 230, 00165 Roma RM, Italia |&nbsp;<a aria-label=\" (opens in a new tab)\" href=\"https:\/\/goo.gl\/maps\/CtCgip71CW2coxFr9\" rel=\"noreferrer noopener nofollow\" target=\"_blank\" class=\"rank-math-link\">Vezi pe hart\u0103<\/a><br><strong>Transport public:<\/strong>&nbsp;Autobuzele 23 \u0219i 280 opresc chiar l\u00e2ng\u0103 Vila Farnesina.<br><strong>Tel.<\/strong>&nbsp;+39 06 6802 7268<\/p>\n\n\n<div class=\"wp-block-scriptless-social-sharing-buttons\"><div class=\"scriptlesssocialsharing\"><div class=\"scriptlesssocialsharing__buttons no-icons\"><a class=\"button facebook\" target=\"_blank\" href=\"https:\/\/www.facebook.com\/sharer\/sharer.php?u=https%3A%2F%2Fwww.the-travel-bunny.com%2Fro%2Fghiduri-de-calatorie%2Froma-ghid-turistic%2Fvile-palate-in-roma-vacanta%2F\" rel=\"noopener noreferrer nofollow\"><span class=\"sss-name\"><span class=\"screen-reader-text\">Share on <\/span>Facebook<\/span><\/a><a class=\"button twitter\" target=\"_blank\" href=\"https:\/\/twitter.com\/intent\/tweet?text=Vile%20%C8%99i%20palate%20%C3%AEn%20Roma&#038;url=https%3A%2F%2Fwww.the-travel-bunny.com%2Fro%2Fghiduri-de-calatorie%2Froma-ghid-turistic%2Fvile-palate-in-roma-vacanta%2F&#038;via=mirela_iepurela&#038;related=mirela_iepurela\" rel=\"noopener noreferrer nofollow\"><span class=\"sss-name\"><span class=\"screen-reader-text\">Share on <\/span>X (Twitter)<\/span><\/a><a class=\"button pinterest\" target=\"_blank\" href=\"https:\/\/pinterest.com\/pin\/create\/button\/?url=https%3A%2F%2Fwww.the-travel-bunny.com%2Fro%2Fghiduri-de-calatorie%2Froma-ghid-turistic%2Fvile-palate-in-roma-vacanta%2F&#038;media=https%3A%2F%2Fwww.the-travel-bunny.com%2Fro%2Fwp-content%2Fuploads%2Fsites%2F2%2F2021%2F05%2Fpalate-in-roma-vile.jpg&#038;description=Vile%20%C8%99i%20palate%20%C3%AEn%20Roma\" rel=\"noopener noreferrer nofollow\" data-pin-no-hover=\"true\" data-pin-custom=\"true\" data-pin-do=\"skip\" data-pin-description=\"Vile \u0219i palate \u00een Roma\"><span class=\"sss-name\"><span class=\"screen-reader-text\">Share on <\/span>Pinterest<\/span><\/a><a class=\"button whatsapp\" target=\"_blank\" href=\"https:\/\/api.whatsapp.com\/send?text=Vile%20%C8%99i%20palate%20%C3%AEn%20Roma%20%E2%80%94%20https%3A%2F%2Fwww.the-travel-bunny.com%2Fro%2Fghiduri-de-calatorie%2Froma-ghid-turistic%2Fvile-palate-in-roma-vacanta%2F\" rel=\"noopener noreferrer nofollow\"><span class=\"sss-name\"><span class=\"screen-reader-text\">Share on <\/span>WhatsApp<\/span><\/a><a class=\"button email\" href=\"mailto:?body=Am%20citit%20acest%20articol%20de%20vacan%C8%9B%C4%83%20%C8%99i%20m-am%20g%C3%A2ndit%20la%20tine.%20Iat%C4%83%20%C8%99i%20link-ul%3A%20https%3A%2F%2Fwww.the-travel-bunny.com%2Fro%2Fghiduri-de-calatorie%2Froma-ghid-turistic%2Fvile-palate-in-roma-vacanta%2F&#038;subject=Promit%20c%C4%83%20o%20s%C4%83%20%C3%AE%C8%9Bi%20plac%C4%83%3A%20Vile%20%C8%99i%20palate%20%C3%AEn%20Roma\" rel=\"noopener noreferrer nofollow\" ><span class=\"sss-name\"><span class=\"screen-reader-text\">Share on <\/span>Email<\/span><\/a><\/div><\/div><\/div>","protected":false},"excerpt":{"rendered":"<p>Pe aceast\u0103 pagin\u0103 a ghidului gratuit de c\u0103l\u0103torie la Roma, vei descoperi vile \u0219i palate \u00een Roma.&nbsp;Cu siguran\u021b\u0103 vei trece pe l\u00e2ng\u0103 ele \u00een timp ce vizitezi Roma \u0219i va fi util s\u0103 \u0219tii ce reprezint\u0103 fiecare dintre aceste cl\u0103diri importante. Prin urmare, pentru fiecare dintre aceste vile \u0219i palate \u00een Roma, vei g\u0103si: Palatele de pe Campidoglio C\u00e2nd \u00eemp\u0103ratul Carol al V-lea a vizitat Roma \u00een 1536, Papa Paul al II-lea s-a sim\u021bit ru\u0219inat de starea Dealului Capitolinei.&nbsp;Prin urmare, el i-a cerut lui Michelangelo s\u0103 ajute la schimbarea aspectului zonei.&nbsp;Zece ani mai t\u00e2rziu, maestrul \u0219i-a \u00eenceput munca, de\u0219i a &#8230; <\/p>\n<p class=\"read-more-container\"><a title=\"Vile \u0219i palate \u00een Roma\" class=\"read-more button\" href=\"https:\/\/www.the-travel-bunny.com\/ro\/ghiduri-de-calatorie\/roma-ghid-turistic\/vile-palate-in-roma-vacanta\/#more-260\" aria-label=\"Cite\u0219te mai multe despre Vile \u0219i palate \u00een Roma\">Read more<\/a><\/p>\n","protected":false},"author":1,"featured_media":261,"parent":153,"menu_order":15,"comment_status":"closed","ping_status":"closed","template":"","meta":{"footnotes":""},"class_list":{"0":"post-260","1":"page","2":"type-page","3":"status-publish","4":"has-post-thumbnail","6":"resize-featured-image"},"_links":{"self":[{"href":"https:\/\/www.the-travel-bunny.com\/ro\/wp-json\/wp\/v2\/pages\/260","targetHints":{"allow":["GET"]}}],"collection":[{"href":"https:\/\/www.the-travel-bunny.com\/ro\/wp-json\/wp\/v2\/pages"}],"about":[{"href":"https:\/\/www.the-travel-bunny.com\/ro\/wp-json\/wp\/v2\/types\/page"}],"author":[{"embeddable":true,"href":"https:\/\/www.the-travel-bunny.com\/ro\/wp-json\/wp\/v2\/users\/1"}],"replies":[{"embeddable":true,"href":"https:\/\/www.the-travel-bunny.com\/ro\/wp-json\/wp\/v2\/comments?post=260"}],"version-history":[{"count":2,"href":"https:\/\/www.the-travel-bunny.com\/ro\/wp-json\/wp\/v2\/pages\/260\/revisions"}],"predecessor-version":[{"id":11265,"href":"https:\/\/www.the-travel-bunny.com\/ro\/wp-json\/wp\/v2\/pages\/260\/revisions\/11265"}],"up":[{"embeddable":true,"href":"https:\/\/www.the-travel-bunny.com\/ro\/wp-json\/wp\/v2\/pages\/153"}],"wp:featuredmedia":[{"embeddable":true,"href":"https:\/\/www.the-travel-bunny.com\/ro\/wp-json\/wp\/v2\/media\/261"}],"wp:attachment":[{"href":"https:\/\/www.the-travel-bunny.com\/ro\/wp-json\/wp\/v2\/media?parent=260"}],"curies":[{"name":"wp","href":"https:\/\/api.w.org\/{rel}","templated":true}]}}